{"id":2777,"date":"2017-03-08T13:45:50","date_gmt":"2017-03-08T13:45:50","guid":{"rendered":"https:\/\/dpms-media.fr\/maison-des-sarrasins\/contact\/"},"modified":"2025-07-14T07:20:55","modified_gmt":"2025-07-14T05:20:55","slug":"contact","status":"publish","type":"page","link":"https:\/\/sarrasins.beynacrentals.com\/en\/contact\/","title":{"rendered":"Contact"},"content":{"rendered":"<div id='av_section_1'  class='avia-section av-u8vi3w-9e35c9ed18ae2bf28c9ce80c4b354fbf main_color avia-section-no-padding avia-no-border-styling  avia-builder-el-0  el_before_av_section  avia-builder-el-first  avia-bg-style-scroll container_wrap sidebar_right'  ><div class='container av-section-cont-open' ><main  role=\"main\" itemprop=\"mainContentOfPage\"  class='template-page content  av-content-small alpha units'><div class='post-entry post-entry-type-page post-entry-2777'><div class='entry-content-wrapper clearfix'>\n\n<style type=\"text\/css\" data-created_by=\"avia_inline_auto\" id=\"style-css-av-ktwnj2eb-091b6a35ba7b8a320d81bf51d5d749ff\">\n#top .hr.hr-invisible.av-ktwnj2eb-091b6a35ba7b8a320d81bf51d5d749ff{\nheight:50px;\n}\n<\/style>\n<div  class='hr av-ktwnj2eb-091b6a35ba7b8a320d81bf51d5d749ff hr-invisible  avia-builder-el-1  el_before_av_heading  avia-builder-el-first '><span class='hr-inner '><span class=\"hr-inner-style\"><\/span><\/span><\/div>\n\n<style type=\"text\/css\" data-created_by=\"avia_inline_auto\" id=\"style-css-av-ktwmv5ms-5792cd93fa74377b3cf342ba4572d1c2\">\n#top .av-special-heading.av-ktwmv5ms-5792cd93fa74377b3cf342ba4572d1c2{\npadding-bottom:10px;\ncolor:#69563c;\n}\nbody .av-special-heading.av-ktwmv5ms-5792cd93fa74377b3cf342ba4572d1c2 .av-special-heading-tag .heading-char{\nfont-size:25px;\n}\n.av-special-heading.av-ktwmv5ms-5792cd93fa74377b3cf342ba4572d1c2 .special-heading-inner-border{\nborder-color:#69563c;\n}\n.av-special-heading.av-ktwmv5ms-5792cd93fa74377b3cf342ba4572d1c2 .av-subheading{\nfont-size:15px;\n}\n<\/style>\n<div  class='av-special-heading av-ktwmv5ms-5792cd93fa74377b3cf342ba4572d1c2 av-special-heading-h1 custom-color-heading blockquote modern-quote modern-centered  avia-builder-el-2  el_after_av_hr  el_before_av_hr  av-thin-font'><h1 class='av-special-heading-tag '  itemprop=\"headline\"  ><strong>Contact<\/strong><\/h1><div class=\"special-heading-border\"><div class=\"special-heading-inner-border\"><\/div><\/div><\/div>\n\n<style type=\"text\/css\" data-created_by=\"avia_inline_auto\" id=\"style-css-av-ktwmvqc7-807cf67c74e18ee4ee044a988ffcc5d1\">\n#top .hr.av-ktwmvqc7-807cf67c74e18ee4ee044a988ffcc5d1{\nmargin-top:15px;\nmargin-bottom:30px;\n}\n.hr.av-ktwmvqc7-807cf67c74e18ee4ee044a988ffcc5d1 .hr-inner{\nwidth:50px;\nborder-color:#383838;\nmax-width:45%;\n}\n.hr.av-ktwmvqc7-807cf67c74e18ee4ee044a988ffcc5d1 .av-seperator-icon{\ncolor:#69563c;\n}\n.hr.av-ktwmvqc7-807cf67c74e18ee4ee044a988ffcc5d1 .av-seperator-icon.avia-svg-icon svg:first-child{\nfill:#69563c;\nstroke:#69563c;\n}\n<\/style>\n<div  class='hr av-ktwmvqc7-807cf67c74e18ee4ee044a988ffcc5d1 hr-custom  avia-builder-el-3  el_after_av_heading  el_before_av_one_full  hr-center hr-icon-yes'><span class='hr-inner inner-border-av-border-thin'><span class=\"hr-inner-style\"><\/span><\/span><span class='av-seperator-icon avia-iconfont avia-font-entypo-fontello' data-av_icon='\ue808' data-av_iconfont='entypo-fontello' ><\/span><span class='hr-inner inner-border-av-border-thin'><span class=\"hr-inner-style\"><\/span><\/span><\/div>\n<div  class='flex_column av-2wpz58-fa737717bb3c0a8d73cc937f2d6010a5 av_one_full  avia-builder-el-4  el_after_av_hr  avia-builder-el-last  first flex_column_div  '     ><section  class='av_textblock_section av-kw91ibzo-9383236096dc424b66ed34c81d02b069 '   itemscope=\"itemscope\" itemtype=\"https:\/\/schema.org\/CreativeWork\" ><div class='avia_textblock'  itemprop=\"text\" ><h3 style=\"text-align: center\">La Maison des Sarrasins<\/h3>\n<p style=\"text-align: center\">Prestigious rental in Dordogne, France with 10 bedrooms and an infinity swimming pool.<br \/>\nEnjoy it with family, friends, for a wedding or an exceptional event, the Sarrasins house is the guarantee of an exceptional stay in the famous region of Sarlat.<\/p>\n<\/div><\/section><\/div>\n\n<\/div><\/div><\/main><!-- close content main element --><\/div><\/div><div id='av_section_2'  class='avia-section av-2o3el8-c32a8e6c52e42729ab32d2f3ddcc77c5 main_color avia-section-large avia-no-border-styling  avia-builder-el-6  el_after_av_section  avia-builder-el-last  avia-bg-style-scroll container_wrap sidebar_right'  ><div class='container av-section-cont-open' ><div class='template-page content  av-content-small alpha units'><div class='post-entry post-entry-type-page post-entry-2777'><div class='entry-content-wrapper clearfix'>\n\n<style type=\"text\/css\" data-created_by=\"avia_inline_auto\" id=\"style-css-av-l9qwyk-7f9a01b9bebc40140397a33461d8a280\">\n.flex_column.av-l9qwyk-7f9a01b9bebc40140397a33461d8a280{\nborder-radius:0px 0px 0px 0px;\npadding:0px 0px 0px 0px;\n}\n<\/style>\n<div  class='flex_column av-l9qwyk-7f9a01b9bebc40140397a33461d8a280 av_one_half  avia-builder-el-7  el_before_av_one_half  avia-builder-el-first  first flex_column_div av-zero-column-padding  '     ><style type=\"text\/css\" data-created_by=\"avia_inline_auto\" id=\"style-css-av-ktwmx0u4-9518d31c5d14aa558987393bdf944c1b\">\n.avia-image-container.av-ktwmx0u4-9518d31c5d14aa558987393bdf944c1b img.avia_image{\nbox-shadow:none;\n}\n.avia-image-container.av-ktwmx0u4-9518d31c5d14aa558987393bdf944c1b .av-image-caption-overlay-center{\ncolor:#ffffff;\n}\n<\/style>\n<div  class='avia-image-container av-ktwmx0u4-9518d31c5d14aa558987393bdf944c1b av-styling- av-img-linked avia-align-center  avia-builder-el-8  avia-builder-el-no-sibling '   itemprop=\"image\" itemscope=\"itemscope\" itemtype=\"https:\/\/schema.org\/ImageObject\" ><div class=\"avia-image-container-inner\"><div class=\"avia-image-overlay-wrap\"><a href=\"https:\/\/www.google.com\/maps\/place\/1+Imp.+du+Priv\u00e9,+86460+Pressac\/@46.116399,0.009916,9z\/data=!4m5!3m4!1s0x47fe7c3ea46cc53d:0xece9a28d3cf3af86!8m2!3d46.116399!4d0.5702187\" class='avia_image '  aria-label='Carte-Sarrasins-1-600x470'><img decoding=\"async\" fetchpriority=\"high\" class='wp-image-2754 avia-img-lazy-loading-not-2754 avia_image ' src=\"https:\/\/dpms-media.fr\/maison-des-sarrasins\/wp-content\/uploads\/sites\/41\/2017\/03\/IMG_6348-1.jpg\" alt='' title='Carte-Sarrasins-1-600x470'  height=\"470\" width=\"600\"  itemprop=\"thumbnailUrl\"  \/><\/a><\/div><\/div><\/div><\/div>\n<style type=\"text\/css\" data-created_by=\"avia_inline_auto\" id=\"style-css-av-8ujt24-a7a09225e8d8db9caf2ce600ad668f07\">\n.flex_column.av-8ujt24-a7a09225e8d8db9caf2ce600ad668f07{\nborder-radius:0px 0px 0px 0px;\npadding:0px 0px 0px 0px;\n}\n<\/style>\n<div  class='flex_column av-8ujt24-a7a09225e8d8db9caf2ce600ad668f07 av_one_half  avia-builder-el-9  el_after_av_one_half  avia-builder-el-last  flex_column_div av-zero-column-padding  '     ><style type=\"text\/css\" data-created_by=\"avia_inline_auto\" id=\"style-css-av-29dcss-2e8f9b5df59a7f97af954995cb3c3382\">\n#top .av_textblock_section.av-29dcss-2e8f9b5df59a7f97af954995cb3c3382 .avia_textblock{\nfont-size:18px;\ncolor:#3f3f3f;\n}\n<\/style>\n<section  class='av_textblock_section av-29dcss-2e8f9b5df59a7f97af954995cb3c3382 '   itemscope=\"itemscope\" itemtype=\"https:\/\/schema.org\/CreativeWork\" ><div class='avia_textblock av_inherit_color'  itemprop=\"text\" ><h4>La Maison des Sarrasins<\/h4>\n<p>24220 Beynac et Cazenac<br \/>\nT\u00e9l. :<span data-olk-copy-source=\"MessageBody\">+33 6 88 76 15 05 and +33 7 45 89 94 81.<\/span><\/p>\n<p><a href=\"mailto:reservations@beynacrentals.com\">reservations@beynacrentals.com<\/a><\/p>\n<p>Available on WhatsApp :<br \/>\n<a href=\"https:\/\/wa.me\/message\/MIQKEZKNBTQ3F1\"><img loading=\"lazy\" decoding=\"async\" class=\"alignnone wp-image-3010\" src=\"https:\/\/dpms-media.fr\/beynac-rentals\/wp-content\/uploads\/sites\/49\/2022\/12\/Screen-Shot-2022-12-01-at-2.52.58-PM.png\" alt=\"\" width=\"164\" height=\"163\" \/><\/a><\/p>\n<\/div><\/section><br \/>\n\n<style type=\"text\/css\" data-created_by=\"avia_inline_auto\" id=\"style-css-av-ktwnfio8-c48769f072c5e147a6a73aecb0b6d380\">\n#top .hr.hr-invisible.av-ktwnfio8-c48769f072c5e147a6a73aecb0b6d380{\nheight:20px;\n}\n<\/style>\n<div  class='hr av-ktwnfio8-c48769f072c5e147a6a73aecb0b6d380 hr-invisible  avia-builder-el-11  el_after_av_textblock  el_before_av_image '><span class='hr-inner '><span class=\"hr-inner-style\"><\/span><\/span><\/div><br \/>\n\n<style type=\"text\/css\" data-created_by=\"avia_inline_auto\" id=\"style-css-av-2i3s8s-abddf591ff051c7ce4f3cc2cd95b6fba\">\n.avia-image-container.av-2i3s8s-abddf591ff051c7ce4f3cc2cd95b6fba img.avia_image{\nbox-shadow:none;\n}\n.avia-image-container.av-2i3s8s-abddf591ff051c7ce4f3cc2cd95b6fba .av-image-caption-overlay-center{\ncolor:#ffffff;\n}\n<\/style>\n<div  class='avia-image-container av-2i3s8s-abddf591ff051c7ce4f3cc2cd95b6fba av-styling- avia-align-center  avia-builder-el-12  el_after_av_hr  avia-builder-el-last '   itemprop=\"image\" itemscope=\"itemscope\" itemtype=\"https:\/\/schema.org\/ImageObject\" ><div class=\"avia-image-container-inner\"><div class=\"avia-image-overlay-wrap\"><img decoding=\"async\" fetchpriority=\"high\" class='wp-image-2765 avia-img-lazy-loading-not-2765 avia_image ' src=\"https:\/\/dpms-media.fr\/maison-des-sarrasins\/wp-content\/uploads\/sites\/41\/2021\/11\/Village-Couleur-1-720x480-1.jpg\" alt='' title='Village-Couleur-1-720x480'  height=\"480\" width=\"720\"  itemprop=\"thumbnailUrl\" srcset=\"https:\/\/dpms-media.fr\/maison-des-sarrasins\/wp-content\/uploads\/sites\/41\/2021\/11\/Village-Couleur-1-720x480-1.jpg 720w, https:\/\/dpms-media.fr\/maison-des-sarrasins\/wp-content\/uploads\/sites\/41\/2021\/11\/Village-Couleur-1-720x480-1-300x200.jpg 300w, https:\/\/dpms-media.fr\/maison-des-sarrasins\/wp-content\/uploads\/sites\/41\/2021\/11\/Village-Couleur-1-720x480-1-705x470.jpg 705w\" sizes=\"(max-width: 720px) 100vw, 720px\" \/><\/div><\/div><\/div><\/p><\/div><\/div><\/div><\/div><!-- close content main div --><\/div><\/div><div id='after_section_2'  class='main_color av_default_container_wrap container_wrap sidebar_right'  ><div class='container av-section-cont-open' ><div class='template-page content  av-content-small alpha units'><div class='post-entry post-entry-type-page post-entry-2777'><div class='entry-content-wrapper clearfix'>\n","protected":false},"excerpt":{"rendered":"","protected":false},"author":2,"featured_media":0,"parent":0,"menu_order":0,"comment_status":"closed","ping_status":"closed","template":"","meta":{"footnotes":""},"class_list":["post-2777","page","type-page","status-publish","hentry"],"yoast_head":"<!-- This site is optimized with the Yoast SEO plugin v27.5 - https:\/\/yoast.com\/product\/yoast-seo-wordpress\/ -->\n<title>Contact - G\u00eete Maison des Sarrasins - Le P\u00e9rigord noir<\/title>\n<meta name=\"robots\" content=\"index, follow, max-snippet:-1, max-image-preview:large, max-video-preview:-1\" \/>\n<link rel=\"canonical\" href=\"https:\/\/sarrasins.beynacrentals.com\/en\/contact\/\" \/>\n<meta property=\"og:locale\" content=\"en_US\" \/>\n<meta property=\"og:type\" content=\"article\" \/>\n<meta property=\"og:title\" content=\"Contact - G\u00eete Maison des Sarrasins - Le P\u00e9rigord noir\" \/>\n<meta property=\"og:url\" content=\"https:\/\/sarrasins.beynacrentals.com\/en\/contact\/\" \/>\n<meta property=\"og:site_name\" content=\"G\u00eete Maison des Sarrasins - Le P\u00e9rigord noir\" \/>\n<meta property=\"article:modified_time\" content=\"2025-07-14T05:20:55+00:00\" \/>\n<meta property=\"og:image\" content=\"https:\/\/dpms-media.fr\/beynac-rentals\/wp-content\/uploads\/sites\/49\/2022\/12\/Screen-Shot-2022-12-01-at-2.52.58-PM.png\" \/>\n<meta name=\"twitter:card\" content=\"summary_large_image\" \/>\n<meta name=\"twitter:label1\" content=\"Est. reading time\" \/>\n\t<meta name=\"twitter:data1\" content=\"1 minute\" \/>\n<script type=\"application\/ld+json\" class=\"yoast-schema-graph\">{\"@context\":\"https:\\\/\\\/schema.org\",\"@graph\":[{\"@type\":\"WebPage\",\"@id\":\"https:\\\/\\\/sarrasins.beynacrentals.com\\\/en\\\/contact\\\/\",\"url\":\"https:\\\/\\\/sarrasins.beynacrentals.com\\\/en\\\/contact\\\/\",\"name\":\"Contact - G\u00eete Maison des Sarrasins - Le P\u00e9rigord noir\",\"isPartOf\":{\"@id\":\"https:\\\/\\\/sarrasins.beynacrentals.com\\\/#website\"},\"primaryImageOfPage\":{\"@id\":\"https:\\\/\\\/sarrasins.beynacrentals.com\\\/en\\\/contact\\\/#primaryimage\"},\"image\":{\"@id\":\"https:\\\/\\\/sarrasins.beynacrentals.com\\\/en\\\/contact\\\/#primaryimage\"},\"thumbnailUrl\":\"https:\\\/\\\/dpms-media.fr\\\/beynac-rentals\\\/wp-content\\\/uploads\\\/sites\\\/49\\\/2022\\\/12\\\/Screen-Shot-2022-12-01-at-2.52.58-PM.png\",\"datePublished\":\"2017-03-08T13:45:50+00:00\",\"dateModified\":\"2025-07-14T05:20:55+00:00\",\"breadcrumb\":{\"@id\":\"https:\\\/\\\/sarrasins.beynacrentals.com\\\/en\\\/contact\\\/#breadcrumb\"},\"inLanguage\":\"en-US\",\"potentialAction\":[{\"@type\":\"ReadAction\",\"target\":[\"https:\\\/\\\/sarrasins.beynacrentals.com\\\/en\\\/contact\\\/\"]}]},{\"@type\":\"ImageObject\",\"inLanguage\":\"en-US\",\"@id\":\"https:\\\/\\\/sarrasins.beynacrentals.com\\\/en\\\/contact\\\/#primaryimage\",\"url\":\"https:\\\/\\\/dpms-media.fr\\\/beynac-rentals\\\/wp-content\\\/uploads\\\/sites\\\/49\\\/2022\\\/12\\\/Screen-Shot-2022-12-01-at-2.52.58-PM.png\",\"contentUrl\":\"https:\\\/\\\/dpms-media.fr\\\/beynac-rentals\\\/wp-content\\\/uploads\\\/sites\\\/49\\\/2022\\\/12\\\/Screen-Shot-2022-12-01-at-2.52.58-PM.png\"},{\"@type\":\"BreadcrumbList\",\"@id\":\"https:\\\/\\\/sarrasins.beynacrentals.com\\\/en\\\/contact\\\/#breadcrumb\",\"itemListElement\":[{\"@type\":\"ListItem\",\"position\":1,\"name\":\"Accueil\",\"item\":\"https:\\\/\\\/sarrasins.beynacrentals.com\\\/en\\\/\"},{\"@type\":\"ListItem\",\"position\":2,\"name\":\"Contact\"}]},{\"@type\":\"WebSite\",\"@id\":\"https:\\\/\\\/sarrasins.beynacrentals.com\\\/#website\",\"url\":\"https:\\\/\\\/sarrasins.beynacrentals.com\\\/\",\"name\":\"G\u00eete Maison des Sarrasins - Le P\u00e9rigord noir\",\"description\":\"Maison des Sarrasins -g\u00eete de charme en Aquitaine - Beynac Rentals\",\"potentialAction\":[{\"@type\":\"SearchAction\",\"target\":{\"@type\":\"EntryPoint\",\"urlTemplate\":\"https:\\\/\\\/sarrasins.beynacrentals.com\\\/?s={search_term_string}\"},\"query-input\":{\"@type\":\"PropertyValueSpecification\",\"valueRequired\":true,\"valueName\":\"search_term_string\"}}],\"inLanguage\":\"en-US\"}]}<\/script>\n<!-- \/ Yoast SEO plugin. -->","yoast_head_json":{"title":"Contact - G\u00eete Maison des Sarrasins - Le P\u00e9rigord noir","robots":{"index":"index","follow":"follow","max-snippet":"max-snippet:-1","max-image-preview":"max-image-preview:large","max-video-preview":"max-video-preview:-1"},"canonical":"https:\/\/sarrasins.beynacrentals.com\/en\/contact\/","og_locale":"en_US","og_type":"article","og_title":"Contact - G\u00eete Maison des Sarrasins - Le P\u00e9rigord noir","og_url":"https:\/\/sarrasins.beynacrentals.com\/en\/contact\/","og_site_name":"G\u00eete Maison des Sarrasins - Le P\u00e9rigord noir","article_modified_time":"2025-07-14T05:20:55+00:00","og_image":[{"url":"https:\/\/dpms-media.fr\/beynac-rentals\/wp-content\/uploads\/sites\/49\/2022\/12\/Screen-Shot-2022-12-01-at-2.52.58-PM.png","type":"","width":"","height":""}],"twitter_card":"summary_large_image","twitter_misc":{"Est. reading time":"1 minute"},"schema":{"@context":"https:\/\/schema.org","@graph":[{"@type":"WebPage","@id":"https:\/\/sarrasins.beynacrentals.com\/en\/contact\/","url":"https:\/\/sarrasins.beynacrentals.com\/en\/contact\/","name":"Contact - G\u00eete Maison des Sarrasins - Le P\u00e9rigord noir","isPartOf":{"@id":"https:\/\/sarrasins.beynacrentals.com\/#website"},"primaryImageOfPage":{"@id":"https:\/\/sarrasins.beynacrentals.com\/en\/contact\/#primaryimage"},"image":{"@id":"https:\/\/sarrasins.beynacrentals.com\/en\/contact\/#primaryimage"},"thumbnailUrl":"https:\/\/dpms-media.fr\/beynac-rentals\/wp-content\/uploads\/sites\/49\/2022\/12\/Screen-Shot-2022-12-01-at-2.52.58-PM.png","datePublished":"2017-03-08T13:45:50+00:00","dateModified":"2025-07-14T05:20:55+00:00","breadcrumb":{"@id":"https:\/\/sarrasins.beynacrentals.com\/en\/contact\/#breadcrumb"},"inLanguage":"en-US","potentialAction":[{"@type":"ReadAction","target":["https:\/\/sarrasins.beynacrentals.com\/en\/contact\/"]}]},{"@type":"ImageObject","inLanguage":"en-US","@id":"https:\/\/sarrasins.beynacrentals.com\/en\/contact\/#primaryimage","url":"https:\/\/dpms-media.fr\/beynac-rentals\/wp-content\/uploads\/sites\/49\/2022\/12\/Screen-Shot-2022-12-01-at-2.52.58-PM.png","contentUrl":"https:\/\/dpms-media.fr\/beynac-rentals\/wp-content\/uploads\/sites\/49\/2022\/12\/Screen-Shot-2022-12-01-at-2.52.58-PM.png"},{"@type":"BreadcrumbList","@id":"https:\/\/sarrasins.beynacrentals.com\/en\/contact\/#breadcrumb","itemListElement":[{"@type":"ListItem","position":1,"name":"Accueil","item":"https:\/\/sarrasins.beynacrentals.com\/en\/"},{"@type":"ListItem","position":2,"name":"Contact"}]},{"@type":"WebSite","@id":"https:\/\/sarrasins.beynacrentals.com\/#website","url":"https:\/\/sarrasins.beynacrentals.com\/","name":"G\u00eete Maison des Sarrasins - Le P\u00e9rigord noir","description":"Maison des Sarrasins -g\u00eete de charme en Aquitaine - Beynac Rentals","potentialAction":[{"@type":"SearchAction","target":{"@type":"EntryPoint","urlTemplate":"https:\/\/sarrasins.beynacrentals.com\/?s={search_term_string}"},"query-input":{"@type":"PropertyValueSpecification","valueRequired":true,"valueName":"search_term_string"}}],"inLanguage":"en-US"}]}},"_links":{"self":[{"href":"https:\/\/sarrasins.beynacrentals.com\/en\/wp-json\/wp\/v2\/pages\/2777","targetHints":{"allow":["GET"]}}],"collection":[{"href":"https:\/\/sarrasins.beynacrentals.com\/en\/wp-json\/wp\/v2\/pages"}],"about":[{"href":"https:\/\/sarrasins.beynacrentals.com\/en\/wp-json\/wp\/v2\/types\/page"}],"author":[{"embeddable":true,"href":"https:\/\/sarrasins.beynacrentals.com\/en\/wp-json\/wp\/v2\/users\/2"}],"replies":[{"embeddable":true,"href":"https:\/\/sarrasins.beynacrentals.com\/en\/wp-json\/wp\/v2\/comments?post=2777"}],"version-history":[{"count":5,"href":"https:\/\/sarrasins.beynacrentals.com\/en\/wp-json\/wp\/v2\/pages\/2777\/revisions"}],"predecessor-version":[{"id":3195,"href":"https:\/\/sarrasins.beynacrentals.com\/en\/wp-json\/wp\/v2\/pages\/2777\/revisions\/3195"}],"wp:attachment":[{"href":"https:\/\/sarrasins.beynacrentals.com\/en\/wp-json\/wp\/v2\/media?parent=2777"}],"curies":[{"name":"wp","href":"https:\/\/api.w.org\/{rel}","templated":true}]}}