{"id":2799,"date":"2017-03-08T13:44:35","date_gmt":"2017-03-08T13:44:35","guid":{"rendered":"https:\/\/dpms-media.fr\/maison-des-sarrasins\/services\/"},"modified":"2025-09-02T07:22:55","modified_gmt":"2025-09-02T05:22:55","slug":"services","status":"publish","type":"page","link":"https:\/\/sarrasins.beynacrentals.com\/en\/services\/","title":{"rendered":"Services"},"content":{"rendered":"\n<style type=\"text\/css\" data-created_by=\"avia_inline_auto\" id=\"style-css-av-1wllfom-bbd8d3f345400f95a6be13ef99eec032\">\n.avia-section.av-1wllfom-bbd8d3f345400f95a6be13ef99eec032 .av-extra-border-element .av-extra-border-inner{\nbackground-color:#ffffff;\n}\n<\/style>\n<div id='av_section_1'  class='avia-section av-1wllfom-bbd8d3f345400f95a6be13ef99eec032 main_color avia-section-no-padding avia-no-border-styling  avia-builder-el-0  avia-builder-el-no-sibling  avia-bg-style-scroll av-arrow-down-section container_wrap sidebar_right'  ><div class='container av-section-cont-open' ><main  role=\"main\" itemprop=\"mainContentOfPage\"  class='template-page content  av-content-small alpha units'><div class='post-entry post-entry-type-page post-entry-2799'><div class='entry-content-wrapper clearfix'>\n\n<style type=\"text\/css\" data-created_by=\"avia_inline_auto\" id=\"style-css-av-1uyilbq-b2f48cd78dc2547a88aab34b968a1b6e\">\n#top .hr.hr-invisible.av-1uyilbq-b2f48cd78dc2547a88aab34b968a1b6e{\nheight:30px;\n}\n<\/style>\n<div  class='hr av-1uyilbq-b2f48cd78dc2547a88aab34b968a1b6e hr-invisible  avia-builder-el-1  el_before_av_heading  avia-builder-el-first '><span class='hr-inner '><span class=\"hr-inner-style\"><\/span><\/span><\/div>\n\n<style type=\"text\/css\" data-created_by=\"avia_inline_auto\" id=\"style-css-av-ktwksk5j-825c037a8079e605f564da0492a0479c\">\n#top .av-special-heading.av-ktwksk5j-825c037a8079e605f564da0492a0479c{\npadding-bottom:0;\ncolor:#69563c;\nfont-size:30px;\n}\nbody .av-special-heading.av-ktwksk5j-825c037a8079e605f564da0492a0479c .av-special-heading-tag .heading-char{\nfont-size:25px;\n}\n#top #wrap_all .av-special-heading.av-ktwksk5j-825c037a8079e605f564da0492a0479c .av-special-heading-tag{\nfont-size:30px;\n}\n.av-special-heading.av-ktwksk5j-825c037a8079e605f564da0492a0479c .special-heading-inner-border{\nborder-color:#69563c;\n}\n.av-special-heading.av-ktwksk5j-825c037a8079e605f564da0492a0479c .av-subheading{\nfont-size:15px;\n}\n\n@media only screen and (min-width: 480px) and (max-width: 767px){ \n#top #wrap_all .av-special-heading.av-ktwksk5j-825c037a8079e605f564da0492a0479c .av-special-heading-tag{\nfont-size:0.8em;\n}\n}\n\n@media only screen and (max-width: 479px){ \n#top #wrap_all .av-special-heading.av-ktwksk5j-825c037a8079e605f564da0492a0479c .av-special-heading-tag{\nfont-size:0.8em;\n}\n}\n<\/style>\n<div  class='av-special-heading av-ktwksk5j-825c037a8079e605f564da0492a0479c av-special-heading-h1 custom-color-heading blockquote modern-quote modern-centered  avia-builder-el-2  el_after_av_hr  el_before_av_hr  av-thin-font av-inherit-size'><h1 class='av-special-heading-tag '  itemprop=\"headline\"  ><strong>Services<\/strong><\/h1><div class=\"special-heading-border\"><div class=\"special-heading-inner-border\"><\/div><\/div><\/div>\n\n<style type=\"text\/css\" data-created_by=\"avia_inline_auto\" id=\"style-css-av-1tlvwmu-5ee0ba1f85ef3619fa2df44a933f71b6\">\n#top .hr.av-1tlvwmu-5ee0ba1f85ef3619fa2df44a933f71b6{\nmargin-top:15px;\nmargin-bottom:30px;\n}\n.hr.av-1tlvwmu-5ee0ba1f85ef3619fa2df44a933f71b6 .hr-inner{\nwidth:50px;\nborder-color:#2d2d2d;\nmax-width:45%;\n}\n.hr.av-1tlvwmu-5ee0ba1f85ef3619fa2df44a933f71b6 .av-seperator-icon{\ncolor:#69563c;\n}\n.hr.av-1tlvwmu-5ee0ba1f85ef3619fa2df44a933f71b6 .av-seperator-icon.avia-svg-icon svg:first-child{\nfill:#69563c;\nstroke:#69563c;\n}\n<\/style>\n<div  class='hr av-1tlvwmu-5ee0ba1f85ef3619fa2df44a933f71b6 hr-custom  avia-builder-el-3  el_after_av_heading  el_before_av_one_half  hr-center hr-icon-yes'><span class='hr-inner inner-border-av-border-thin'><span class=\"hr-inner-style\"><\/span><\/span><span class='av-seperator-icon avia-iconfont avia-font-entypo-fontello' data-av_icon='\ue808' data-av_iconfont='entypo-fontello' ><\/span><span class='hr-inner inner-border-av-border-thin'><span class=\"hr-inner-style\"><\/span><\/span><\/div>\n\n<style type=\"text\/css\" data-created_by=\"avia_inline_auto\" id=\"style-css-av-1r7uk06-8ab0782f855fad02e12a19ff4ec14927\">\n.flex_column.av-1r7uk06-8ab0782f855fad02e12a19ff4ec14927{\nborder-radius:0px 0px 0px 0px;\npadding:0px 0px 0px 0px;\n}\n<\/style>\n<div  class='flex_column av-1r7uk06-8ab0782f855fad02e12a19ff4ec14927 av_one_half  avia-builder-el-4  el_after_av_hr  el_before_av_one_half  first flex_column_div av-zero-column-padding  '     ><section  class='av_textblock_section av-1o0we8m-8c03145e31519c452c11bc84ddb88c26 '   itemscope=\"itemscope\" itemtype=\"https:\/\/schema.org\/CreativeWork\" ><div class='avia_textblock'  itemprop=\"text\" ><h3 class=\"av-special-heading-tag \">Housekeeping<\/h3>\n<p>Bed linen, towels and bath towels are included, cleaning service is by request only. The beds are made on your arrival and changed mid-stay for reservations of fifteen consecutive days.<br \/>\nA laundry room is at your disposal. It includes two washing machines, a dryer and an ironing set.<\/p>\n<\/div><\/section><\/div>\n<style type=\"text\/css\" data-created_by=\"avia_inline_auto\" id=\"style-css-av-5x9306-268b9b8938b9a0f5fc613fd5cb122330\">\n.flex_column.av-5x9306-268b9b8938b9a0f5fc613fd5cb122330{\nborder-radius:0px 0px 0px 0px;\npadding:0px 0px 0px 0px;\n}\n<\/style>\n<div  class='flex_column av-5x9306-268b9b8938b9a0f5fc613fd5cb122330 av_one_half  avia-builder-el-6  el_after_av_one_half  el_before_av_hr  flex_column_div av-zero-column-padding  '     ><section  class='av_textblock_section av-1jfmofa-1938a0583bdd3f9e2061dbbd18c6fe8f '   itemscope=\"itemscope\" itemtype=\"https:\/\/schema.org\/CreativeWork\" ><div class='avia_textblock'  itemprop=\"text\" ><h3>Valet Services<\/h3>\n<p>Access to the property is complicated. It is therefore essential that you study it before your arrival. If you are not able to carry your luggage in the alleys of the village, we have a valet parking service charged \u20ac 50 that must be reserved in advance. We will then meet you at the parking lot. Otherwise, you must walk to the property from the parking lot on your own.<\/p>\n<\/div><\/section><\/div>\n<style type=\"text\/css\" data-created_by=\"avia_inline_auto\" id=\"style-css-av-ktwlpn4i-05ca062aed5d1dac2da12bcc1b0584a4\">\n#top .hr.hr-invisible.av-ktwlpn4i-05ca062aed5d1dac2da12bcc1b0584a4{\nheight:10px;\n}\n<\/style>\n<div  class='hr av-ktwlpn4i-05ca062aed5d1dac2da12bcc1b0584a4 hr-invisible  avia-builder-el-8  el_after_av_one_half  el_before_av_one_third '><span class='hr-inner '><span class=\"hr-inner-style\"><\/span><\/span><\/div>\n\n<style type=\"text\/css\" data-created_by=\"avia_inline_auto\" id=\"style-css-av-7ft15y-b6185f5ecedb9b634b6aa34ee2b6b2f8\">\n.flex_column.av-7ft15y-b6185f5ecedb9b634b6aa34ee2b6b2f8{\nborder-radius:0px 0px 0px 0px;\npadding:0px 0px 0px 0px;\n}\n<\/style>\n<div  class='flex_column av-7ft15y-b6185f5ecedb9b634b6aa34ee2b6b2f8 av_one_third  avia-builder-el-9  el_after_av_hr  el_before_av_one_third  first flex_column_div av-zero-column-padding  '     ><style type=\"text\/css\" data-created_by=\"avia_inline_auto\" id=\"style-css-av-684o86-a165017443cebf27dba0b228c4e9c1fc\">\n.avia-image-container.av-684o86-a165017443cebf27dba0b228c4e9c1fc img.avia_image{\nbox-shadow:none;\n}\n.avia-image-container.av-684o86-a165017443cebf27dba0b228c4e9c1fc .av-image-caption-overlay-center{\ncolor:#ffffff;\n}\n<\/style>\n<div  class='avia-image-container av-684o86-a165017443cebf27dba0b228c4e9c1fc av-styling-no-styling av-hover-grow avia-align-center  avia-builder-el-10  avia-builder-el-no-sibling '   itemprop=\"image\" itemscope=\"itemscope\" itemtype=\"https:\/\/schema.org\/ImageObject\" ><div class=\"avia-image-container-inner\"><div class=\"avia-image-overlay-wrap\"><img decoding=\"async\" fetchpriority=\"high\" class='wp-image-2759 avia-img-lazy-loading-not-2759 avia_image ' src=\"https:\/\/dpms-media.fr\/maison-des-sarrasins\/wp-content\/uploads\/sites\/41\/2021\/11\/Services-Chambre-960x354-1.jpg\" alt='' title='Services-Chambre-960x354'  height=\"354\" width=\"960\"  itemprop=\"thumbnailUrl\" srcset=\"https:\/\/dpms-media.fr\/maison-des-sarrasins\/wp-content\/uploads\/sites\/41\/2021\/11\/Services-Chambre-960x354-1.jpg 960w, https:\/\/dpms-media.fr\/maison-des-sarrasins\/wp-content\/uploads\/sites\/41\/2021\/11\/Services-Chambre-960x354-1-300x111.jpg 300w, https:\/\/dpms-media.fr\/maison-des-sarrasins\/wp-content\/uploads\/sites\/41\/2021\/11\/Services-Chambre-960x354-1-768x283.jpg 768w, https:\/\/dpms-media.fr\/maison-des-sarrasins\/wp-content\/uploads\/sites\/41\/2021\/11\/Services-Chambre-960x354-1-705x260.jpg 705w\" sizes=\"(max-width: 960px) 100vw, 960px\" \/><\/div><\/div><\/div><\/div>\n<style type=\"text\/css\" data-created_by=\"avia_inline_auto\" id=\"style-css-av-2qe4za-ba37fad22f6f3b649b312a02c6c58398\">\n.flex_column.av-2qe4za-ba37fad22f6f3b649b312a02c6c58398{\nborder-radius:0px 0px 0px 0px;\npadding:0px 0px 0px 0px;\n}\n<\/style>\n<div  class='flex_column av-2qe4za-ba37fad22f6f3b649b312a02c6c58398 av_one_third  avia-builder-el-11  el_after_av_one_third  el_before_av_one_third  flex_column_div av-zero-column-padding  '     ><style type=\"text\/css\" data-created_by=\"avia_inline_auto\" id=\"style-css-av-kw96qkqu-3e57a4763aa418b3c6ea068098963b7b\">\n.avia-image-container.av-kw96qkqu-3e57a4763aa418b3c6ea068098963b7b img.avia_image{\nbox-shadow:none;\n}\n.avia-image-container.av-kw96qkqu-3e57a4763aa418b3c6ea068098963b7b .av-image-caption-overlay-center{\ncolor:#ffffff;\n}\n<\/style>\n<div  class='avia-image-container av-kw96qkqu-3e57a4763aa418b3c6ea068098963b7b av-styling-no-styling av-hover-grow avia-align-center  avia-builder-el-12  avia-builder-el-no-sibling '   itemprop=\"image\" itemscope=\"itemscope\" itemtype=\"https:\/\/schema.org\/ImageObject\" ><div class=\"avia-image-container-inner\"><div class=\"avia-image-overlay-wrap\"><img decoding=\"async\" fetchpriority=\"high\" class='wp-image-2764 avia-img-lazy-loading-not-2764 avia_image ' src=\"https:\/\/dpms-media.fr\/maison-des-sarrasins\/wp-content\/uploads\/sites\/41\/2021\/11\/Services-1.2-960x354-1.jpg\" alt='' title='Services-1.2-960x354'  height=\"354\" width=\"960\"  itemprop=\"thumbnailUrl\" srcset=\"https:\/\/dpms-media.fr\/maison-des-sarrasins\/wp-content\/uploads\/sites\/41\/2021\/11\/Services-1.2-960x354-1.jpg 960w, https:\/\/dpms-media.fr\/maison-des-sarrasins\/wp-content\/uploads\/sites\/41\/2021\/11\/Services-1.2-960x354-1-300x111.jpg 300w, https:\/\/dpms-media.fr\/maison-des-sarrasins\/wp-content\/uploads\/sites\/41\/2021\/11\/Services-1.2-960x354-1-768x283.jpg 768w, https:\/\/dpms-media.fr\/maison-des-sarrasins\/wp-content\/uploads\/sites\/41\/2021\/11\/Services-1.2-960x354-1-705x260.jpg 705w\" sizes=\"(max-width: 960px) 100vw, 960px\" \/><\/div><\/div><\/div><\/div>\n<style type=\"text\/css\" data-created_by=\"avia_inline_auto\" id=\"style-css-av-7esdpy-3debb3ec0cb7a61af4915bdf8dcdd19f\">\n.flex_column.av-7esdpy-3debb3ec0cb7a61af4915bdf8dcdd19f{\nborder-radius:0px 0px 0px 0px;\npadding:0px 0px 0px 0px;\n}\n<\/style>\n<div  class='flex_column av-7esdpy-3debb3ec0cb7a61af4915bdf8dcdd19f av_one_third  avia-builder-el-13  el_after_av_one_third  el_before_av_one_full  flex_column_div av-zero-column-padding  '     ><style type=\"text\/css\" data-created_by=\"avia_inline_auto\" id=\"style-css-av-6dz5dy-3b9d55580ef640fc384a47c6ae89ff2f\">\n.avia-image-container.av-6dz5dy-3b9d55580ef640fc384a47c6ae89ff2f img.avia_image{\nbox-shadow:none;\n}\n.avia-image-container.av-6dz5dy-3b9d55580ef640fc384a47c6ae89ff2f .av-image-caption-overlay-center{\ncolor:#ffffff;\n}\n<\/style>\n<div  class='avia-image-container av-6dz5dy-3b9d55580ef640fc384a47c6ae89ff2f av-styling-no-styling av-hover-grow avia-align-center  avia-builder-el-14  avia-builder-el-no-sibling '   itemprop=\"image\" itemscope=\"itemscope\" itemtype=\"https:\/\/schema.org\/ImageObject\" ><div class=\"avia-image-container-inner\"><div class=\"avia-image-overlay-wrap\"><img decoding=\"async\" fetchpriority=\"high\" class='wp-image-2758 avia-img-lazy-loading-not-2758 avia_image ' src=\"https:\/\/dpms-media.fr\/maison-des-sarrasins\/wp-content\/uploads\/sites\/41\/2021\/11\/Services-2-960x354-1.jpg\" alt='' title='Services-2-960x354'  height=\"354\" width=\"960\"  itemprop=\"thumbnailUrl\" srcset=\"https:\/\/dpms-media.fr\/maison-des-sarrasins\/wp-content\/uploads\/sites\/41\/2021\/11\/Services-2-960x354-1.jpg 960w, https:\/\/dpms-media.fr\/maison-des-sarrasins\/wp-content\/uploads\/sites\/41\/2021\/11\/Services-2-960x354-1-300x111.jpg 300w, https:\/\/dpms-media.fr\/maison-des-sarrasins\/wp-content\/uploads\/sites\/41\/2021\/11\/Services-2-960x354-1-768x283.jpg 768w, https:\/\/dpms-media.fr\/maison-des-sarrasins\/wp-content\/uploads\/sites\/41\/2021\/11\/Services-2-960x354-1-705x260.jpg 705w\" sizes=\"(max-width: 960px) 100vw, 960px\" \/><\/div><\/div><\/div><\/div>\n<style type=\"text\/css\" data-created_by=\"avia_inline_auto\" id=\"style-css-av-4xgpty-1cf099b2639f601c369aa23b9ab414e9\">\n.flex_column.av-4xgpty-1cf099b2639f601c369aa23b9ab414e9{\nborder-radius:0px 0px 0px 0px;\npadding:0px 0px 0px 0px;\n}\n<\/style>\n<div  class='flex_column av-4xgpty-1cf099b2639f601c369aa23b9ab414e9 av_one_full  avia-builder-el-15  el_after_av_one_third  el_before_av_hr  first flex_column_div av-zero-column-padding  column-top-margin'     ><section  class='av_textblock_section av-ktwmb855-e1c75554ed96150dca2cab9e3eb45700 '   itemscope=\"itemscope\" itemtype=\"https:\/\/schema.org\/CreativeWork\" ><div class='avia_textblock'  itemprop=\"text\" ><h3>Events<\/h3>\n<p>The house and its gardens offer an exceptional setting for the organization of events. We can host sumptuous dinners indoors, banquets in our gardens, seminars.<\/p>\n<\/div><\/section><\/div>\n<style type=\"text\/css\" data-created_by=\"avia_inline_auto\" id=\"style-css-av-ea0mu-9091ac4c37745d85165b1d69e33afca2\">\n#top .hr.hr-invisible.av-ea0mu-9091ac4c37745d85165b1d69e33afca2{\nheight:10px;\n}\n<\/style>\n<div  class='hr av-ea0mu-9091ac4c37745d85165b1d69e33afca2 hr-invisible  avia-builder-el-17  el_after_av_one_full  el_before_av_one_full '><span class='hr-inner '><span class=\"hr-inner-style\"><\/span><\/span><\/div>\n\n<style type=\"text\/css\" data-created_by=\"avia_inline_auto\" id=\"style-css-av-1uwb2u-6a3ce10d25e454d42473cd3cda8cd0ce\">\n.flex_column.av-1uwb2u-6a3ce10d25e454d42473cd3cda8cd0ce{\nborder-radius:0px 0px 0px 0px;\npadding:0px 0px 0px 0px;\n}\n<\/style>\n<div  class='flex_column av-1uwb2u-6a3ce10d25e454d42473cd3cda8cd0ce av_one_full  avia-builder-el-18  el_after_av_hr  el_before_av_one_full  first flex_column_div av-zero-column-padding  '     ><style type=\"text\/css\" data-created_by=\"avia_inline_auto\" id=\"style-css-av-kw93ftxz-daa789632d3a050469d45ea621d41392\">\n.avia-image-container.av-kw93ftxz-daa789632d3a050469d45ea621d41392 img.avia_image{\nbox-shadow:none;\n}\n.avia-image-container.av-kw93ftxz-daa789632d3a050469d45ea621d41392 .av-image-caption-overlay-center{\ncolor:#ffffff;\n}\n<\/style>\n<div  class='avia-image-container av-kw93ftxz-daa789632d3a050469d45ea621d41392 av-styling-no-styling av-hover-grow avia-align-center  avia-builder-el-19  avia-builder-el-no-sibling '   itemprop=\"image\" itemscope=\"itemscope\" itemtype=\"https:\/\/schema.org\/ImageObject\" ><div class=\"avia-image-container-inner\"><div class=\"avia-image-overlay-wrap\"><img decoding=\"async\" fetchpriority=\"high\" class='wp-image-2762 avia-img-lazy-loading-not-2762 avia_image ' src=\"https:\/\/dpms-media.fr\/maison-des-sarrasins\/wp-content\/uploads\/sites\/41\/2021\/11\/Services-Exterieur-2-800x485-1.jpg\" alt='' title='Services-Ext\u00e9rieur-2-800x485'  height=\"485\" width=\"800\"  itemprop=\"thumbnailUrl\" srcset=\"https:\/\/dpms-media.fr\/maison-des-sarrasins\/wp-content\/uploads\/sites\/41\/2021\/11\/Services-Exterieur-2-800x485-1.jpg 800w, https:\/\/dpms-media.fr\/maison-des-sarrasins\/wp-content\/uploads\/sites\/41\/2021\/11\/Services-Exterieur-2-800x485-1-300x182.jpg 300w, https:\/\/dpms-media.fr\/maison-des-sarrasins\/wp-content\/uploads\/sites\/41\/2021\/11\/Services-Exterieur-2-800x485-1-768x466.jpg 768w, https:\/\/dpms-media.fr\/maison-des-sarrasins\/wp-content\/uploads\/sites\/41\/2021\/11\/Services-Exterieur-2-800x485-1-705x427.jpg 705w\" sizes=\"(max-width: 800px) 100vw, 800px\" \/><\/div><\/div><\/div><\/div>\n<style type=\"text\/css\" data-created_by=\"avia_inline_auto\" id=\"style-css-av-28279i-d6cafaed6ebbd6be3c04479c3b75d631\">\n.flex_column.av-28279i-d6cafaed6ebbd6be3c04479c3b75d631{\nborder-radius:0px 0px 0px 0px;\npadding:0px 0px 0px 0px;\n}\n<\/style>\n<div  class='flex_column av-28279i-d6cafaed6ebbd6be3c04479c3b75d631 av_one_full  avia-builder-el-20  el_after_av_one_full  el_before_av_hr  first flex_column_div av-zero-column-padding  column-top-margin'     ><section  class='av_textblock_section av-kw94yp76-1331c88be8f9155b0c9431739e576934 '   itemscope=\"itemscope\" itemtype=\"https:\/\/schema.org\/CreativeWork\" ><div class='avia_textblock'  itemprop=\"text\" ><h3>Parking<\/h3>\n<p>You have the possibility to park 3 small cars on site. However, access to the house being through the narrow streets of Beynac with a passage of only 2m wide, it can be difficult for our guests to park on site. <strong> Private parking<\/strong> is therefore available to you at the foot of the village, 300m from the house.<\/p>\n<p><span style=\"color: #000000\">A small 4\u00d74 is at your disposal throughout the duration of the stay for the shuttle.<\/span><\/p>\n<div data-olk-copy-source=\"MessageBody\">Guests can charge their electric vehicle at the rate of \u20ac 20 per recharge (\u20ac 10 for a hybrid vehicle).<\/div>\n<\/div><\/section><\/div><div  class='hr av-17td0t2-c945b0f4cbff99a309c4a25e8da2194c hr-big  avia-builder-el-22  el_after_av_one_full  avia-builder-el-last '><span class='hr-inner '><span class=\"hr-inner-style\"><\/span><\/span><\/div>\n<\/div><\/div><\/main><!-- close content main element --><\/div><div class='av-extra-border-element border-extra-arrow-down'><div class='av-extra-border-outer'><div class='av-extra-border-inner'><\/div><\/div><\/div><\/div><div id='after_section_1'  class='main_color av_default_container_wrap container_wrap sidebar_right'  ><div class='container av-section-cont-open' ><div class='template-page content  av-content-small alpha units'><div class='post-entry post-entry-type-page post-entry-2799'><div class='entry-content-wrapper clearfix'>\n","protected":false},"excerpt":{"rendered":"","protected":false},"author":2,"featured_media":0,"parent":0,"menu_order":0,"comment_status":"closed","ping_status":"closed","template":"","meta":{"footnotes":""},"class_list":["post-2799","page","type-page","status-publish","hentry"],"yoast_head":"<!-- This site is optimized with the Yoast SEO plugin v27.5 - https:\/\/yoast.com\/product\/yoast-seo-wordpress\/ -->\n<title>Services - G\u00eete Maison des Sarrasins - Le P\u00e9rigord noir<\/title>\n<meta name=\"robots\" content=\"index, follow, max-snippet:-1, max-image-preview:large, max-video-preview:-1\" \/>\n<link rel=\"canonical\" href=\"https:\/\/sarrasins.beynacrentals.com\/en\/services\/\" \/>\n<meta property=\"og:locale\" content=\"en_US\" \/>\n<meta property=\"og:type\" content=\"article\" \/>\n<meta property=\"og:title\" content=\"Services - G\u00eete Maison des Sarrasins - Le P\u00e9rigord noir\" \/>\n<meta property=\"og:url\" content=\"https:\/\/sarrasins.beynacrentals.com\/en\/services\/\" \/>\n<meta property=\"og:site_name\" content=\"G\u00eete Maison des Sarrasins - Le P\u00e9rigord noir\" \/>\n<meta property=\"article:modified_time\" content=\"2025-09-02T05:22:55+00:00\" \/>\n<meta name=\"twitter:card\" content=\"summary_large_image\" \/>\n<meta name=\"twitter:label1\" content=\"Est. reading time\" \/>\n\t<meta name=\"twitter:data1\" content=\"2 minutes\" \/>\n<script type=\"application\/ld+json\" class=\"yoast-schema-graph\">{\"@context\":\"https:\\\/\\\/schema.org\",\"@graph\":[{\"@type\":\"WebPage\",\"@id\":\"https:\\\/\\\/sarrasins.beynacrentals.com\\\/en\\\/services\\\/\",\"url\":\"https:\\\/\\\/sarrasins.beynacrentals.com\\\/en\\\/services\\\/\",\"name\":\"Services - G\u00eete Maison des Sarrasins - Le P\u00e9rigord noir\",\"isPartOf\":{\"@id\":\"https:\\\/\\\/sarrasins.beynacrentals.com\\\/#website\"},\"datePublished\":\"2017-03-08T13:44:35+00:00\",\"dateModified\":\"2025-09-02T05:22:55+00:00\",\"breadcrumb\":{\"@id\":\"https:\\\/\\\/sarrasins.beynacrentals.com\\\/en\\\/services\\\/#breadcrumb\"},\"inLanguage\":\"en-US\",\"potentialAction\":[{\"@type\":\"ReadAction\",\"target\":[\"https:\\\/\\\/sarrasins.beynacrentals.com\\\/en\\\/services\\\/\"]}]},{\"@type\":\"BreadcrumbList\",\"@id\":\"https:\\\/\\\/sarrasins.beynacrentals.com\\\/en\\\/services\\\/#breadcrumb\",\"itemListElement\":[{\"@type\":\"ListItem\",\"position\":1,\"name\":\"Accueil\",\"item\":\"https:\\\/\\\/sarrasins.beynacrentals.com\\\/en\\\/\"},{\"@type\":\"ListItem\",\"position\":2,\"name\":\"Services\"}]},{\"@type\":\"WebSite\",\"@id\":\"https:\\\/\\\/sarrasins.beynacrentals.com\\\/#website\",\"url\":\"https:\\\/\\\/sarrasins.beynacrentals.com\\\/\",\"name\":\"G\u00eete Maison des Sarrasins - Le P\u00e9rigord noir\",\"description\":\"Maison des Sarrasins -g\u00eete de charme en Aquitaine - Beynac Rentals\",\"potentialAction\":[{\"@type\":\"SearchAction\",\"target\":{\"@type\":\"EntryPoint\",\"urlTemplate\":\"https:\\\/\\\/sarrasins.beynacrentals.com\\\/?s={search_term_string}\"},\"query-input\":{\"@type\":\"PropertyValueSpecification\",\"valueRequired\":true,\"valueName\":\"search_term_string\"}}],\"inLanguage\":\"en-US\"}]}<\/script>\n<!-- \/ Yoast SEO plugin. -->","yoast_head_json":{"title":"Services - G\u00eete Maison des Sarrasins - Le P\u00e9rigord noir","robots":{"index":"index","follow":"follow","max-snippet":"max-snippet:-1","max-image-preview":"max-image-preview:large","max-video-preview":"max-video-preview:-1"},"canonical":"https:\/\/sarrasins.beynacrentals.com\/en\/services\/","og_locale":"en_US","og_type":"article","og_title":"Services - G\u00eete Maison des Sarrasins - Le P\u00e9rigord noir","og_url":"https:\/\/sarrasins.beynacrentals.com\/en\/services\/","og_site_name":"G\u00eete Maison des Sarrasins - Le P\u00e9rigord noir","article_modified_time":"2025-09-02T05:22:55+00:00","twitter_card":"summary_large_image","twitter_misc":{"Est. reading time":"2 minutes"},"schema":{"@context":"https:\/\/schema.org","@graph":[{"@type":"WebPage","@id":"https:\/\/sarrasins.beynacrentals.com\/en\/services\/","url":"https:\/\/sarrasins.beynacrentals.com\/en\/services\/","name":"Services - G\u00eete Maison des Sarrasins - Le P\u00e9rigord noir","isPartOf":{"@id":"https:\/\/sarrasins.beynacrentals.com\/#website"},"datePublished":"2017-03-08T13:44:35+00:00","dateModified":"2025-09-02T05:22:55+00:00","breadcrumb":{"@id":"https:\/\/sarrasins.beynacrentals.com\/en\/services\/#breadcrumb"},"inLanguage":"en-US","potentialAction":[{"@type":"ReadAction","target":["https:\/\/sarrasins.beynacrentals.com\/en\/services\/"]}]},{"@type":"BreadcrumbList","@id":"https:\/\/sarrasins.beynacrentals.com\/en\/services\/#breadcrumb","itemListElement":[{"@type":"ListItem","position":1,"name":"Accueil","item":"https:\/\/sarrasins.beynacrentals.com\/en\/"},{"@type":"ListItem","position":2,"name":"Services"}]},{"@type":"WebSite","@id":"https:\/\/sarrasins.beynacrentals.com\/#website","url":"https:\/\/sarrasins.beynacrentals.com\/","name":"G\u00eete Maison des Sarrasins - Le P\u00e9rigord noir","description":"Maison des Sarrasins -g\u00eete de charme en Aquitaine - Beynac Rentals","potentialAction":[{"@type":"SearchAction","target":{"@type":"EntryPoint","urlTemplate":"https:\/\/sarrasins.beynacrentals.com\/?s={search_term_string}"},"query-input":{"@type":"PropertyValueSpecification","valueRequired":true,"valueName":"search_term_string"}}],"inLanguage":"en-US"}]}},"_links":{"self":[{"href":"https:\/\/sarrasins.beynacrentals.com\/en\/wp-json\/wp\/v2\/pages\/2799","targetHints":{"allow":["GET"]}}],"collection":[{"href":"https:\/\/sarrasins.beynacrentals.com\/en\/wp-json\/wp\/v2\/pages"}],"about":[{"href":"https:\/\/sarrasins.beynacrentals.com\/en\/wp-json\/wp\/v2\/types\/page"}],"author":[{"embeddable":true,"href":"https:\/\/sarrasins.beynacrentals.com\/en\/wp-json\/wp\/v2\/users\/2"}],"replies":[{"embeddable":true,"href":"https:\/\/sarrasins.beynacrentals.com\/en\/wp-json\/wp\/v2\/comments?post=2799"}],"version-history":[{"count":10,"href":"https:\/\/sarrasins.beynacrentals.com\/en\/wp-json\/wp\/v2\/pages\/2799\/revisions"}],"predecessor-version":[{"id":3199,"href":"https:\/\/sarrasins.beynacrentals.com\/en\/wp-json\/wp\/v2\/pages\/2799\/revisions\/3199"}],"wp:attachment":[{"href":"https:\/\/sarrasins.beynacrentals.com\/en\/wp-json\/wp\/v2\/media?parent=2799"}],"curies":[{"name":"wp","href":"https:\/\/api.w.org\/{rel}","templated":true}]}}