{"id":2806,"date":"2021-12-03T18:15:23","date_gmt":"2021-12-03T17:15:23","guid":{"rendered":"https:\/\/dpms-media.fr\/maison-des-sarrasins\/toutes-nos-locations\/"},"modified":"2022-12-06T08:53:20","modified_gmt":"2022-12-06T07:53:20","slug":"toutes-nos-locations","status":"publish","type":"page","link":"https:\/\/sarrasins.beynacrentals.com\/en\/toutes-nos-locations\/","title":{"rendered":"All Rentals"},"content":{"rendered":"<div id='salon'  class='avia-section av-rpaen7-481eb419ad7b5fae340f204d2031aa7d main_color avia-section-no-padding avia-no-border-styling  avia-builder-el-0  el_before_av_section  avia-builder-el-first  avia-bg-style-scroll container_wrap sidebar_right'  ><div class='container av-section-cont-open' ><main  role=\"main\" itemprop=\"mainContentOfPage\"  class='template-page content  av-content-small alpha units'><div class='post-entry post-entry-type-page post-entry-2806'><div class='entry-content-wrapper clearfix'>\n\n<style type=\"text\/css\" data-created_by=\"avia_inline_auto\" id=\"style-css-av-prxeo3-187f4f8f002e7e8ba574b04a4855b9fe\">\n#top .hr.hr-invisible.av-prxeo3-187f4f8f002e7e8ba574b04a4855b9fe{\nheight:10px;\n}\n<\/style>\n<div  class='hr av-prxeo3-187f4f8f002e7e8ba574b04a4855b9fe hr-invisible  avia-builder-el-1  el_before_av_heading  avia-builder-el-first '><span class='hr-inner '><span class=\"hr-inner-style\"><\/span><\/span><\/div>\n\n<style type=\"text\/css\" data-created_by=\"avia_inline_auto\" id=\"style-css-av-ooiapf-27b709a22af4598660a07d918bd8713c\">\n#top .av-special-heading.av-ooiapf-27b709a22af4598660a07d918bd8713c{\npadding-bottom:10px;\ncolor:#69563c;\n}\nbody .av-special-heading.av-ooiapf-27b709a22af4598660a07d918bd8713c .av-special-heading-tag .heading-char{\nfont-size:25px;\n}\n.av-special-heading.av-ooiapf-27b709a22af4598660a07d918bd8713c .special-heading-inner-border{\nborder-color:#69563c;\n}\n.av-special-heading.av-ooiapf-27b709a22af4598660a07d918bd8713c .av-subheading{\nfont-size:15px;\n}\n<\/style>\n<div  class='av-special-heading av-ooiapf-27b709a22af4598660a07d918bd8713c av-special-heading-h1 custom-color-heading blockquote modern-quote modern-centered  avia-builder-el-2  el_after_av_hr  el_before_av_hr  av-thin-font'><h1 class='av-special-heading-tag '  itemprop=\"headline\"  ><strong>All our rentals<\/strong><\/h1><div class=\"special-heading-border\"><div class=\"special-heading-inner-border\"><\/div><\/div><\/div>\n\n<style type=\"text\/css\" data-created_by=\"avia_inline_auto\" id=\"style-css-av-mmmtyr-861ef834368f5eb47beb46cd6e5e7c97\">\n#top .hr.av-mmmtyr-861ef834368f5eb47beb46cd6e5e7c97{\nmargin-top:5px;\nmargin-bottom:20px;\n}\n.hr.av-mmmtyr-861ef834368f5eb47beb46cd6e5e7c97 .hr-inner{\nwidth:50px;\nborder-color:#303030;\nmax-width:45%;\n}\n.hr.av-mmmtyr-861ef834368f5eb47beb46cd6e5e7c97 .av-seperator-icon{\ncolor:#69563c;\n}\n.hr.av-mmmtyr-861ef834368f5eb47beb46cd6e5e7c97 .av-seperator-icon.avia-svg-icon svg:first-child{\nfill:#69563c;\nstroke:#69563c;\n}\n<\/style>\n<div  class='hr av-mmmtyr-861ef834368f5eb47beb46cd6e5e7c97 hr-custom  avia-builder-el-3  el_after_av_heading  avia-builder-el-last  hr-center hr-icon-yes'><span class='hr-inner inner-border-av-border-thin'><span class=\"hr-inner-style\"><\/span><\/span><span class='av-seperator-icon avia-iconfont avia-font-entypo-fontello' data-av_icon='\ue808' data-av_iconfont='entypo-fontello' ><\/span><span class='hr-inner inner-border-av-border-thin'><span class=\"hr-inner-style\"><\/span><\/span><\/div>\n<\/div><\/div><\/main><!-- close content main element --><\/div><\/div><div id='salon'  class='avia-section av-8vmegz-1c248e70968b5b915997d4c49bd462fe main_color avia-section-no-padding avia-no-border-styling  avia-builder-el-4  el_after_av_section  avia-builder-el-last  avia-bg-style-scroll container_wrap sidebar_right'  ><div class='container av-section-cont-open' ><div class='template-page content  av-content-small alpha units'><div class='post-entry post-entry-type-page post-entry-2806'><div class='entry-content-wrapper clearfix'>\n<div  id=\"av-sc-portfolio-1\"  class=\"av-portfolio-grid-sorting-container\"><div class='sort_width_container  av-sort-yes' data-portfolio-id='1' ><div id='js_sort_items' ><div class='sort_by_cat '><a href=\"#\" data-filter=\"all_sort\" class=\"all_sort_button active_sort\"><span class=\"inner_sort_button\"><span>All<\/span><small class=\"av-cat-count\"> 9 <\/small><\/span><\/a><span class=\"text-sep chambre-dhote-en_sort_sep\">\/<\/span><a href=\"#\" data-filter=\"chambre-dhote-en_sort\" class=\"chambre-dhote-en_sort_button\" ><span class=\"inner_sort_button\"><span>Chambre d&rsquo;h\u00f4te<\/span><small class=\"av-cat-count\"> 2 <\/small><\/span><\/a><span class=\"text-sep gite-en_sort_sep\">\/<\/span><a href=\"#\" data-filter=\"gite-en_sort\" class=\"gite-en_sort_button\" ><span class=\"inner_sort_button\"><span>G\u00eete<\/span><small class=\"av-cat-count\"> 7 <\/small><\/span><\/a><\/div><\/div><\/div><div  class=' grid-sort-container isotope   no_margin-container with-title-container grid-total-odd grid-col-3 grid-links-' data-portfolio-id='1'><div data-ajax-id='2866' class=' grid-entry flex_column isotope-item all_sort no_margin post-entry post-entry-2866 grid-entry-overview grid-loop-1 grid-parity-odd  gite-en_sort  av_one_third first default_av_fullwidth '><article class='main_color inner-entry'  itemscope=\"itemscope\" itemtype=\"https:\/\/schema.org\/CreativeWork\" ><a href=\"https:\/\/www.closdugue.com\" title='Le Clos du Gu\u00e9'  data-rel='grid-1' class='grid-image avia-hover-fx'> <img decoding=\"async\" fetchpriority=\"high\" width=\"495\" height=\"400\" src=\"https:\/\/dpms-media.fr\/maison-des-sarrasins\/wp-content\/uploads\/sites\/41\/2021\/12\/Mur-Exterieur-1-600x470-1-495x400.jpg\" class=\"wp-image-2766 avia-img-lazy-loading-not-2766 attachment-portfolio size-portfolio wp-post-image\" alt=\"\" \/><\/a><div class='grid-content'><div class='avia-arrow'><\/div><header class=\"entry-content-header\" aria-label=\"Portfolio: Le Clos du Gu\u00e9\"><h3 class='grid-entry-title entry-title '  itemprop=\"headline\" >Le Clos du Gu\u00e9<\/h3><\/header><\/div><footer class=\"entry-footer\"><\/footer><\/article><\/div><div data-ajax-id='2865' class=' grid-entry flex_column isotope-item all_sort no_margin post-entry post-entry-2865 grid-entry-overview grid-loop-2 grid-parity-even  gite-en_sort  av_one_third  default_av_fullwidth '><article class='main_color inner-entry'  itemscope=\"itemscope\" itemtype=\"https:\/\/schema.org\/CreativeWork\" ><a href=\"http:\/\/sarrasins.beynacrentals.com\" title='La Maison des Sarrasins'  data-rel='grid-1' class='grid-image avia-hover-fx'> <img decoding=\"async\" fetchpriority=\"high\" width=\"495\" height=\"400\" src=\"https:\/\/dpms-media.fr\/maison-des-sarrasins\/wp-content\/uploads\/sites\/41\/2021\/11\/Maison-2-495x400.jpg\" class=\"wp-image-2708 avia-img-lazy-loading-not-2708 attachment-portfolio size-portfolio wp-post-image\" alt=\"\" \/><\/a><div class='grid-content'><div class='avia-arrow'><\/div><header class=\"entry-content-header\" aria-label=\"Portfolio: La Maison des Sarrasins\"><h3 class='grid-entry-title entry-title '  itemprop=\"headline\" >La Maison des Sarrasins<\/h3><\/header><\/div><footer class=\"entry-footer\"><\/footer><\/article><\/div><div data-ajax-id='2864' class=' grid-entry flex_column isotope-item all_sort no_margin post-entry post-entry-2864 grid-entry-overview grid-loop-3 grid-parity-odd  gite-en_sort  av_one_third  default_av_fullwidth '><article class='main_color inner-entry'  itemscope=\"itemscope\" itemtype=\"https:\/\/schema.org\/CreativeWork\" ><a href=\"http:\/\/maison-milou.beynacrentals.com\" title='Maison Milou'  data-rel='grid-1' class='grid-image avia-hover-fx'> <img decoding=\"async\" fetchpriority=\"high\" width=\"495\" height=\"400\" src=\"https:\/\/dpms-media.fr\/maison-des-sarrasins\/wp-content\/uploads\/sites\/41\/2021\/12\/Maison-1-600x470-1-495x400.jpg\" class=\"wp-image-2767 avia-img-lazy-loading-not-2767 attachment-portfolio size-portfolio wp-post-image\" alt=\"\" \/><\/a><div class='grid-content'><div class='avia-arrow'><\/div><header class=\"entry-content-header\" aria-label=\"Portfolio: Maison Milou\"><h3 class='grid-entry-title entry-title '  itemprop=\"headline\" >Maison Milou<\/h3><\/header><\/div><footer class=\"entry-footer\"><\/footer><\/article><\/div><div data-ajax-id='2863' class=' grid-entry flex_column isotope-item all_sort no_margin post-entry post-entry-2863 grid-entry-overview grid-loop-4 grid-parity-even  gite-en_sort  av_one_third first default_av_fullwidth '><article class='main_color inner-entry'  itemscope=\"itemscope\" itemtype=\"https:\/\/schema.org\/CreativeWork\" ><a href=\"http:\/\/maison-ogalop.beynacrentals.com\" title='Maison O&#8217;Galop'  data-rel='grid-1' class='grid-image avia-hover-fx'> <img decoding=\"async\" fetchpriority=\"high\" width=\"495\" height=\"400\" src=\"https:\/\/dpms-media.fr\/maison-des-sarrasins\/wp-content\/uploads\/sites\/41\/2021\/12\/Maison-OGalop-1-600x470-1-495x400.jpg\" class=\"wp-image-2768 avia-img-lazy-loading-not-2768 attachment-portfolio size-portfolio wp-post-image\" alt=\"\" \/><\/a><div class='grid-content'><div class='avia-arrow'><\/div><header class=\"entry-content-header\" aria-label=\"Portfolio: Maison O&#8217;Galop\"><h3 class='grid-entry-title entry-title '  itemprop=\"headline\" >Maison O&#8217;Galop<\/h3><\/header><\/div><footer class=\"entry-footer\"><\/footer><\/article><\/div><div data-ajax-id='2862' class=' grid-entry flex_column isotope-item all_sort no_margin post-entry post-entry-2862 grid-entry-overview grid-loop-5 grid-parity-odd  gite-en_sort  av_one_third  default_av_fullwidth '><article class='main_color inner-entry'  itemscope=\"itemscope\" itemtype=\"https:\/\/schema.org\/CreativeWork\" ><a href=\"http:\/\/tour-milou.beynacrentals.com\" title='La Tour Milou'  data-rel='grid-1' class='grid-image avia-hover-fx'> <img decoding=\"async\" fetchpriority=\"high\" width=\"495\" height=\"400\" src=\"https:\/\/dpms-media.fr\/maison-des-sarrasins\/wp-content\/uploads\/sites\/41\/2021\/12\/Maison-1-600x470-2-495x400.jpg\" class=\"wp-image-2769 avia-img-lazy-loading-not-2769 attachment-portfolio size-portfolio wp-post-image\" alt=\"\" \/><\/a><div class='grid-content'><div class='avia-arrow'><\/div><header class=\"entry-content-header\" aria-label=\"Portfolio: La Tour Milou\"><h3 class='grid-entry-title entry-title '  itemprop=\"headline\" >La Tour Milou<\/h3><\/header><\/div><footer class=\"entry-footer\"><\/footer><\/article><\/div><div data-ajax-id='2861' class=' grid-entry flex_column isotope-item all_sort no_margin post-entry post-entry-2861 grid-entry-overview grid-loop-6 grid-parity-even  gite-en_sort  av_one_third  default_av_fullwidth '><article class='main_color inner-entry'  itemscope=\"itemscope\" itemtype=\"https:\/\/schema.org\/CreativeWork\" ><a href=\"http:\/\/maison-linol.beynacrentals.com\" title='Maison Linol'  data-rel='grid-1' class='grid-image avia-hover-fx'> <img decoding=\"async\" fetchpriority=\"high\" width=\"495\" height=\"400\" src=\"https:\/\/dpms-media.fr\/maison-des-sarrasins\/wp-content\/uploads\/sites\/41\/2021\/12\/Maison-Linol-1-600x470-1-495x400.jpg\" class=\"wp-image-2770 avia-img-lazy-loading-not-2770 attachment-portfolio size-portfolio wp-post-image\" alt=\"\" \/><\/a><div class='grid-content'><div class='avia-arrow'><\/div><header class=\"entry-content-header\" aria-label=\"Portfolio: Maison Linol\"><h3 class='grid-entry-title entry-title '  itemprop=\"headline\" >Maison Linol<\/h3><\/header><\/div><footer class=\"entry-footer\"><\/footer><\/article><\/div><div data-ajax-id='2860' class=' grid-entry flex_column isotope-item all_sort no_margin post-entry post-entry-2860 grid-entry-overview grid-loop-7 grid-parity-odd  gite-en_sort  av_one_third first default_av_fullwidth '><article class='main_color inner-entry'  itemscope=\"itemscope\" itemtype=\"https:\/\/schema.org\/CreativeWork\" ><a href=\"http:\/\/appartement-cafourche.beynacrentals.com\" title='Appartement La Califourche'  data-rel='grid-1' class='grid-image avia-hover-fx'> <img decoding=\"async\" fetchpriority=\"high\" width=\"495\" height=\"400\" src=\"https:\/\/dpms-media.fr\/maison-des-sarrasins\/wp-content\/uploads\/sites\/41\/2021\/12\/Appartement-La-Cafourche-1-600x470-1-495x400.jpg\" class=\"wp-image-2771 avia-img-lazy-loading-not-2771 attachment-portfolio size-portfolio wp-post-image\" alt=\"\" \/><\/a><div class='grid-content'><div class='avia-arrow'><\/div><header class=\"entry-content-header\" aria-label=\"Portfolio: Appartement La Califourche\"><h3 class='grid-entry-title entry-title '  itemprop=\"headline\" >Appartement La Califourche<\/h3><\/header><\/div><footer class=\"entry-footer\"><\/footer><\/article><\/div><div data-ajax-id='2859' class=' grid-entry flex_column isotope-item all_sort no_margin post-entry post-entry-2859 grid-entry-overview grid-loop-8 grid-parity-even  chambre-dhote-en_sort  av_one_third  default_av_fullwidth '><article class='main_color inner-entry'  itemscope=\"itemscope\" itemtype=\"https:\/\/schema.org\/CreativeWork\" ><a href=\"http:\/\/grange-milou.beynacrentals.com\" title='La Grange Milou'  data-rel='grid-1' class='grid-image avia-hover-fx'> <img decoding=\"async\" fetchpriority=\"high\" width=\"495\" height=\"400\" src=\"https:\/\/dpms-media.fr\/maison-des-sarrasins\/wp-content\/uploads\/sites\/41\/2021\/12\/La-Grange-Milou-1-600x470-1-495x400.jpg\" class=\"wp-image-2772 avia-img-lazy-loading-not-2772 attachment-portfolio size-portfolio wp-post-image\" alt=\"\" \/><\/a><div class='grid-content'><div class='avia-arrow'><\/div><header class=\"entry-content-header\" aria-label=\"Portfolio: La Grange Milou\"><h3 class='grid-entry-title entry-title '  itemprop=\"headline\" >La Grange Milou<\/h3><\/header><\/div><footer class=\"entry-footer\"><\/footer><\/article><\/div><div data-ajax-id='2853' class=' grid-entry flex_column isotope-item all_sort no_margin post-entry post-entry-2853 grid-entry-overview grid-loop-9 grid-parity-odd  post-entry-last  chambre-dhote-en_sort  av_one_third  default_av_fullwidth '><article class='main_color inner-entry'  itemscope=\"itemscope\" itemtype=\"https:\/\/schema.org\/CreativeWork\" ><a href=\"http:\/\/rossillonie.beynacrentals.com\" title='La Rossillonie'  data-rel='grid-1' class='grid-image avia-hover-fx'> <img decoding=\"async\" fetchpriority=\"high\" width=\"495\" height=\"400\" src=\"https:\/\/dpms-media.fr\/maison-des-sarrasins\/wp-content\/uploads\/sites\/41\/2021\/12\/Chambres-La-Rossillonie-1-600x470-1-495x400.jpg\" class=\"wp-image-2773 avia-img-lazy-loading-not-2773 attachment-portfolio size-portfolio wp-post-image\" alt=\"\" \/><\/a><div class='grid-content'><div class='avia-arrow'><\/div><header class=\"entry-content-header\" aria-label=\"Portfolio: La Rossillonie\"><h3 class='grid-entry-title entry-title '  itemprop=\"headline\" >La Rossillonie<\/h3><\/header><\/div><footer class=\"entry-footer\"><\/footer><\/article><\/div><\/div><\/div>   <!--   class=\"av-portfolio-grid-sorting-container\"  -->\n\n<style type=\"text\/css\" data-created_by=\"avia_inline_auto\" id=\"style-css-av-kwksi98s-90f1406fe571e97b7ca92b5a617e43fc\">\n#top .hr.hr-invisible.av-kwksi98s-90f1406fe571e97b7ca92b5a617e43fc{\nheight:50px;\n}\n<\/style>\n<div  class='hr av-kwksi98s-90f1406fe571e97b7ca92b5a617e43fc hr-invisible  avia-builder-el-6  el_after_av_portfolio  avia-builder-el-no-sibling '><span class='hr-inner '><span class=\"hr-inner-style\"><\/span><\/span><\/div>\n<\/div><\/div><\/div><!-- close content main div --><\/div><\/div><div id='after_section_2'  class='main_color av_default_container_wrap container_wrap sidebar_right'  ><div class='container av-section-cont-open' ><div class='template-page content  av-content-small alpha units'><div class='post-entry post-entry-type-page post-entry-2806'><div class='entry-content-wrapper clearfix'><\/p>\n","protected":false},"excerpt":{"rendered":"","protected":false},"author":18,"featured_media":0,"parent":0,"menu_order":0,"comment_status":"closed","ping_status":"closed","template":"","meta":{"footnotes":""},"class_list":["post-2806","page","type-page","status-publish","hentry"],"yoast_head":"<!-- This site is optimized with the Yoast SEO plugin v27.5 - https:\/\/yoast.com\/product\/yoast-seo-wordpress\/ -->\n<title>All Rentals - G\u00eete Maison des Sarrasins - Le P\u00e9rigord noir<\/title>\n<meta name=\"robots\" content=\"index, follow, max-snippet:-1, max-image-preview:large, max-video-preview:-1\" \/>\n<link rel=\"canonical\" href=\"https:\/\/sarrasins.beynacrentals.com\/en\/toutes-nos-locations\/\" \/>\n<meta property=\"og:locale\" content=\"en_US\" \/>\n<meta property=\"og:type\" content=\"article\" \/>\n<meta property=\"og:title\" content=\"All Rentals - G\u00eete Maison des Sarrasins - Le P\u00e9rigord noir\" \/>\n<meta property=\"og:url\" content=\"https:\/\/sarrasins.beynacrentals.com\/en\/toutes-nos-locations\/\" \/>\n<meta property=\"og:site_name\" content=\"G\u00eete Maison des Sarrasins - Le P\u00e9rigord noir\" \/>\n<meta property=\"article:modified_time\" content=\"2022-12-06T07:53:20+00:00\" \/>\n<meta name=\"twitter:card\" content=\"summary_large_image\" \/>\n<meta name=\"twitter:label1\" content=\"Est. reading time\" \/>\n\t<meta name=\"twitter:data1\" content=\"2 minutes\" \/>\n<script type=\"application\/ld+json\" class=\"yoast-schema-graph\">{\"@context\":\"https:\\\/\\\/schema.org\",\"@graph\":[{\"@type\":\"WebPage\",\"@id\":\"https:\\\/\\\/sarrasins.beynacrentals.com\\\/en\\\/toutes-nos-locations\\\/\",\"url\":\"https:\\\/\\\/sarrasins.beynacrentals.com\\\/en\\\/toutes-nos-locations\\\/\",\"name\":\"All Rentals - G\u00eete Maison des Sarrasins - Le P\u00e9rigord noir\",\"isPartOf\":{\"@id\":\"https:\\\/\\\/sarrasins.beynacrentals.com\\\/#website\"},\"datePublished\":\"2021-12-03T17:15:23+00:00\",\"dateModified\":\"2022-12-06T07:53:20+00:00\",\"breadcrumb\":{\"@id\":\"https:\\\/\\\/sarrasins.beynacrentals.com\\\/en\\\/toutes-nos-locations\\\/#breadcrumb\"},\"inLanguage\":\"en-US\",\"potentialAction\":[{\"@type\":\"ReadAction\",\"target\":[\"https:\\\/\\\/sarrasins.beynacrentals.com\\\/en\\\/toutes-nos-locations\\\/\"]}]},{\"@type\":\"BreadcrumbList\",\"@id\":\"https:\\\/\\\/sarrasins.beynacrentals.com\\\/en\\\/toutes-nos-locations\\\/#breadcrumb\",\"itemListElement\":[{\"@type\":\"ListItem\",\"position\":1,\"name\":\"Accueil\",\"item\":\"https:\\\/\\\/sarrasins.beynacrentals.com\\\/en\\\/\"},{\"@type\":\"ListItem\",\"position\":2,\"name\":\"All Rentals\"}]},{\"@type\":\"WebSite\",\"@id\":\"https:\\\/\\\/sarrasins.beynacrentals.com\\\/#website\",\"url\":\"https:\\\/\\\/sarrasins.beynacrentals.com\\\/\",\"name\":\"G\u00eete Maison des Sarrasins - Le P\u00e9rigord noir\",\"description\":\"Maison des Sarrasins -g\u00eete de charme en Aquitaine - Beynac Rentals\",\"potentialAction\":[{\"@type\":\"SearchAction\",\"target\":{\"@type\":\"EntryPoint\",\"urlTemplate\":\"https:\\\/\\\/sarrasins.beynacrentals.com\\\/?s={search_term_string}\"},\"query-input\":{\"@type\":\"PropertyValueSpecification\",\"valueRequired\":true,\"valueName\":\"search_term_string\"}}],\"inLanguage\":\"en-US\"}]}<\/script>\n<!-- \/ Yoast SEO plugin. -->","yoast_head_json":{"title":"All Rentals - G\u00eete Maison des Sarrasins - Le P\u00e9rigord noir","robots":{"index":"index","follow":"follow","max-snippet":"max-snippet:-1","max-image-preview":"max-image-preview:large","max-video-preview":"max-video-preview:-1"},"canonical":"https:\/\/sarrasins.beynacrentals.com\/en\/toutes-nos-locations\/","og_locale":"en_US","og_type":"article","og_title":"All Rentals - G\u00eete Maison des Sarrasins - Le P\u00e9rigord noir","og_url":"https:\/\/sarrasins.beynacrentals.com\/en\/toutes-nos-locations\/","og_site_name":"G\u00eete Maison des Sarrasins - Le P\u00e9rigord noir","article_modified_time":"2022-12-06T07:53:20+00:00","twitter_card":"summary_large_image","twitter_misc":{"Est. reading time":"2 minutes"},"schema":{"@context":"https:\/\/schema.org","@graph":[{"@type":"WebPage","@id":"https:\/\/sarrasins.beynacrentals.com\/en\/toutes-nos-locations\/","url":"https:\/\/sarrasins.beynacrentals.com\/en\/toutes-nos-locations\/","name":"All Rentals - G\u00eete Maison des Sarrasins - Le P\u00e9rigord noir","isPartOf":{"@id":"https:\/\/sarrasins.beynacrentals.com\/#website"},"datePublished":"2021-12-03T17:15:23+00:00","dateModified":"2022-12-06T07:53:20+00:00","breadcrumb":{"@id":"https:\/\/sarrasins.beynacrentals.com\/en\/toutes-nos-locations\/#breadcrumb"},"inLanguage":"en-US","potentialAction":[{"@type":"ReadAction","target":["https:\/\/sarrasins.beynacrentals.com\/en\/toutes-nos-locations\/"]}]},{"@type":"BreadcrumbList","@id":"https:\/\/sarrasins.beynacrentals.com\/en\/toutes-nos-locations\/#breadcrumb","itemListElement":[{"@type":"ListItem","position":1,"name":"Accueil","item":"https:\/\/sarrasins.beynacrentals.com\/en\/"},{"@type":"ListItem","position":2,"name":"All Rentals"}]},{"@type":"WebSite","@id":"https:\/\/sarrasins.beynacrentals.com\/#website","url":"https:\/\/sarrasins.beynacrentals.com\/","name":"G\u00eete Maison des Sarrasins - Le P\u00e9rigord noir","description":"Maison des Sarrasins -g\u00eete de charme en Aquitaine - Beynac Rentals","potentialAction":[{"@type":"SearchAction","target":{"@type":"EntryPoint","urlTemplate":"https:\/\/sarrasins.beynacrentals.com\/?s={search_term_string}"},"query-input":{"@type":"PropertyValueSpecification","valueRequired":true,"valueName":"search_term_string"}}],"inLanguage":"en-US"}]}},"_links":{"self":[{"href":"https:\/\/sarrasins.beynacrentals.com\/en\/wp-json\/wp\/v2\/pages\/2806","targetHints":{"allow":["GET"]}}],"collection":[{"href":"https:\/\/sarrasins.beynacrentals.com\/en\/wp-json\/wp\/v2\/pages"}],"about":[{"href":"https:\/\/sarrasins.beynacrentals.com\/en\/wp-json\/wp\/v2\/types\/page"}],"author":[{"embeddable":true,"href":"https:\/\/sarrasins.beynacrentals.com\/en\/wp-json\/wp\/v2\/users\/18"}],"replies":[{"embeddable":true,"href":"https:\/\/sarrasins.beynacrentals.com\/en\/wp-json\/wp\/v2\/comments?post=2806"}],"version-history":[{"count":4,"href":"https:\/\/sarrasins.beynacrentals.com\/en\/wp-json\/wp\/v2\/pages\/2806\/revisions"}],"predecessor-version":[{"id":2955,"href":"https:\/\/sarrasins.beynacrentals.com\/en\/wp-json\/wp\/v2\/pages\/2806\/revisions\/2955"}],"wp:attachment":[{"href":"https:\/\/sarrasins.beynacrentals.com\/en\/wp-json\/wp\/v2\/media?parent=2806"}],"curies":[{"name":"wp","href":"https:\/\/api.w.org\/{rel}","templated":true}]}}