{"id":2844,"date":"2017-03-08T13:44:20","date_gmt":"2017-03-08T13:44:20","guid":{"rendered":"https:\/\/dpms-media.fr\/maison-des-sarrasins\/work\/"},"modified":"2025-06-19T12:32:21","modified_gmt":"2025-06-19T10:32:21","slug":"work","status":"publish","type":"page","link":"https:\/\/sarrasins.beynacrentals.com\/en\/","title":{"rendered":"Home"},"content":{"rendered":"<div id='av_section_1'  class='avia-section av-3tr3s0-b0fb13345ad7e2d018ef748bd01c26eb main_color avia-section-small avia-no-border-styling  avia-builder-el-0  el_before_av_section  avia-builder-el-first  avia-bg-style-scroll container_wrap sidebar_right'  ><div class='container av-section-cont-open' ><main  role=\"main\" itemprop=\"mainContentOfPage\"  class='template-page content  av-content-small alpha units'><div class='post-entry post-entry-type-page post-entry-2844'><div class='entry-content-wrapper clearfix'>\n<div  class='flex_column av-2ks0qo-912c853f0b651ee9824f569784879a2d av_one_full  avia-builder-el-1  avia-builder-el-no-sibling  first flex_column_div  '     ><section  class='av_textblock_section av-ktvkkabe-0f262b640506569d9b435c9e01f38d08 '   itemscope=\"itemscope\" itemtype=\"https:\/\/schema.org\/CreativeWork\" ><div class='avia_textblock'  itemprop=\"text\" ><h1 style=\"text-align: center\"><span style=\"color: #69563c\">LA MAISON DES SARRASINS<\/span><\/h1>\n<p style=\"text-align: center\">Prestigious rental in Dordogne, France<br \/>\nwith <strong><span class=\"aNeGP0gI0B9AV8JaHPyH\" data-src-align=\"49:13\">6<\/span> <span class=\"aNeGP0gI0B9AV8JaHPyH\" data-src-align=\"63:8\">bedrooms<\/span> <span class=\"aNeGP0gI0B9AV8JaHPyH\" data-src-align=\"73:15\">(or 5 bedrooms +<\/span> <span class=\"aNeGP0gI0B9AV8JaHPyH\" data-src-align=\"91:5\">1 suite)<\/span> and an infinity swimming pool.<\/strong><br \/>\nWith family, friends, for a wedding or an exceptional event, the Sarrasins house is the guarantee of an exceptional stay in the famous region of Sarlat.<\/p>\n<\/div><\/section><\/div>\n\n<\/div><\/div><\/main><!-- close content main element --><\/div><\/div><div id='av_section_2'  class='avia-section av-4cr1ow-d8603e190126888a03973bde7d293c7f main_color avia-section-no-padding avia-no-border-styling  avia-builder-el-3  el_after_av_section  el_before_av_section  avia-bg-style-scroll container_wrap sidebar_right'  ><div class='container av-section-cont-open' ><div class='template-page content  av-content-small alpha units'><div class='post-entry post-entry-type-page post-entry-2844'><div class='entry-content-wrapper clearfix'>\n\n<style type=\"text\/css\" data-created_by=\"avia_inline_auto\" id=\"style-css-av-1upnvk-f4a397615faf99fe252b1c3137251795\">\n#top .flex_column.av-1upnvk-f4a397615faf99fe252b1c3137251795{\nmargin-top:0px;\nmargin-bottom:0px;\n}\n.flex_column.av-1upnvk-f4a397615faf99fe252b1c3137251795{\nborder-radius:0px 0px 0px 0px;\npadding:0px 0px 0px 0px;\n}\n.responsive #top #wrap_all .flex_column.av-1upnvk-f4a397615faf99fe252b1c3137251795{\nmargin-top:0px;\nmargin-bottom:0px;\n}\n<\/style>\n<div  class='flex_column av-1upnvk-f4a397615faf99fe252b1c3137251795 av_one_full  avia-builder-el-4  avia-builder-el-no-sibling  first flex_column_div av-zero-column-padding  '     ><div id='av-masonry-1' class='av-masonry av-ktts33y2-fe2f229ace50591521a172af69880f85 noHover av-fixed-size av-large-gap av-hover-overlay-active av-masonry-animation-active av-masonry-col-4 av-caption-on-hover av-caption-style-overlay av-masonry-entries ' data-post_id=\"2844\"><div class=\"av-masonry-container isotope av-js-disabled\"><div class='av-masonry-entry isotope-item av-masonry-item-no-image '><\/div><a href=\"https:\/\/dpms-media.fr\/maison-des-sarrasins\/description\/#jardin\"  id='av-masonry-1-item-2869' data-av-masonry-item='2869' class='av-masonry-entry isotope-item post-2869 portfolio type-portfolio status-publish has-post-thumbnail hentry tag-portrait-en portfolio_entries-presentation-en  av-masonry-item-with-image av-portrait-img' title=\"Village-1-470&#215;705\"   itemscope=\"itemscope\" itemtype=\"https:\/\/schema.org\/CreativeWork\" ><div class='av-inner-masonry-sizer'><\/div><figure class='av-inner-masonry main_color'><div class=\"av-masonry-outerimage-container\"><div class='av-masonry-image-container' style=\"background-image: url(https:\/\/dpms-media.fr\/maison-des-sarrasins\/wp-content\/uploads\/sites\/41\/2017\/03\/Village-1-470x705-1.jpg);\"  title=\"Village-1-470&#215;705\" ><\/div><\/div><\/figure><\/a><!--end av-masonry entry--><a href=\"https:\/\/sarrasins.beynacrentals.com\/en\/suite-kleber-martine-veranda\/\"  id='av-masonry-1-item-3150' data-av-masonry-item='3150' class='av-masonry-entry isotope-item post-3150 portfolio type-portfolio status-publish has-post-thumbnail hentry portfolio_entries-presentation-en  av-masonry-item-with-image av-grid-img' title=\"suite kleber martine ve\u0301randa\"   itemscope=\"itemscope\" itemtype=\"https:\/\/schema.org\/CreativeWork\" ><div class='av-inner-masonry-sizer'><\/div><figure class='av-inner-masonry main_color'><div class=\"av-masonry-outerimage-container\"><div class='av-masonry-image-container' style=\"background-image: url(https:\/\/dpms-media.fr\/maison-des-sarrasins\/wp-content\/uploads\/sites\/41\/2025\/06\/suite-kleber-martine-veranda-705x470.jpg);\"  title=\"suite kleber martine ve\u0301randa\" ><\/div><\/div><\/figure><\/a><!--end av-masonry entry--><a href=\"https:\/\/dpms-media.fr\/maison-des-sarrasins\/description\/#salon\"  id='av-masonry-1-item-2867' data-av-masonry-item='2867' class='av-masonry-entry isotope-item post-2867 portfolio type-portfolio status-publish has-post-thumbnail hentry tag-landscape-en tag-portrait-en portfolio_entries-presentation-en  av-masonry-item-with-image av-portrait-img av-landscape-img' title=\"Salon-1.2-750&#215;500\"   itemscope=\"itemscope\" itemtype=\"https:\/\/schema.org\/CreativeWork\" ><div class='av-inner-masonry-sizer'><\/div><figure class='av-inner-masonry main_color'><div class=\"av-masonry-outerimage-container\"><div class='av-masonry-image-container' style=\"background-image: url(https:\/\/dpms-media.fr\/maison-des-sarrasins\/wp-content\/uploads\/sites\/41\/2017\/03\/Salon-1.2-750x500-1.jpg);\"  title=\"Salon-1.2-750&#215;500\" ><\/div><\/div><\/figure><\/a><!--end av-masonry entry--><a href=\"https:\/\/sarrasins.beynacrentals.com\/en\/pool\/\"  id='av-masonry-1-item-3152' data-av-masonry-item='3152' class='av-masonry-entry isotope-item post-3152 portfolio type-portfolio status-publish has-post-thumbnail hentry tag-landscape-en tag-portrait-en portfolio_entries-presentation-en  av-masonry-item-with-image av-portrait-img av-landscape-img' title=\"_MG_4821-2\"   itemscope=\"itemscope\" itemtype=\"https:\/\/schema.org\/CreativeWork\" ><div class='av-inner-masonry-sizer'><\/div><figure class='av-inner-masonry main_color'><div class=\"av-masonry-outerimage-container\"><div class='av-masonry-image-container' style=\"background-image: url(https:\/\/dpms-media.fr\/maison-des-sarrasins\/wp-content\/uploads\/sites\/41\/2025\/06\/MG_4821-2-1500x1000.jpg);\"  title=\"_MG_4821-2\" ><\/div><\/div><\/figure><\/a><!--end av-masonry entry--><a href=\"https:\/\/sarrasins.beynacrentals.com\/en\/exterior\/\"  id='av-masonry-1-item-3167' data-av-masonry-item='3167' class='av-masonry-entry isotope-item post-3167 portfolio type-portfolio status-publish has-post-thumbnail hentry portfolio_entries-presentation-en  av-masonry-item-with-image av-grid-img' title=\"_MG_4901\"   itemscope=\"itemscope\" itemtype=\"https:\/\/schema.org\/CreativeWork\" ><div class='av-inner-masonry-sizer'><\/div><figure class='av-inner-masonry main_color'><div class=\"av-masonry-outerimage-container\"><div class='av-masonry-image-container' style=\"background-image: url(https:\/\/dpms-media.fr\/maison-des-sarrasins\/wp-content\/uploads\/sites\/41\/2025\/06\/MG_4901-705x470.jpg);\"  title=\"_MG_4901\" ><\/div><\/div><\/figure><\/a><!--end av-masonry entry--><a href=\"https:\/\/dpms-media.fr\/maison-des-sarrasins\/description\/#salon\"  id='av-masonry-1-item-2868' data-av-masonry-item='2868' class='av-masonry-entry isotope-item post-2868 portfolio type-portfolio status-publish has-post-thumbnail hentry tag-landscape-en portfolio_entries-presentation-en  av-masonry-item-with-image av-landscape-img' title=\"Salon-2\"   itemscope=\"itemscope\" itemtype=\"https:\/\/schema.org\/CreativeWork\" ><div class='av-inner-masonry-sizer'><\/div><figure class='av-inner-masonry main_color'><div class=\"av-masonry-outerimage-container\"><div class='av-masonry-image-container' style=\"background-image: url(https:\/\/dpms-media.fr\/maison-des-sarrasins\/wp-content\/uploads\/sites\/41\/2021\/11\/Salon-2.jpg);\"  title=\"Salon-2\" ><\/div><\/div><\/figure><\/a><!--end av-masonry entry--><a href=\"https:\/\/dpms-media.fr\/maison-des-sarrasins\/contact\/\"  id='av-masonry-1-item-2870' data-av-masonry-item='2870' class='av-masonry-entry isotope-item post-2870 portfolio type-portfolio status-publish has-post-thumbnail hentry portfolio_entries-presentation-en  av-masonry-item-with-image av-grid-img' title=\"Carte-Sarrasins-1-600&#215;470\"   itemscope=\"itemscope\" itemtype=\"https:\/\/schema.org\/CreativeWork\" ><div class='av-inner-masonry-sizer'><\/div><figure class='av-inner-masonry main_color'><div class=\"av-masonry-outerimage-container\"><div class='av-masonry-image-container' style=\"background-image: url(https:\/\/dpms-media.fr\/maison-des-sarrasins\/wp-content\/uploads\/sites\/41\/2017\/03\/IMG_6348-1.jpg);\"  title=\"Carte-Sarrasins-1-600&#215;470\" ><\/div><\/div><\/figure><\/a><!--end av-masonry entry--><a href=\"https:\/\/dpms-media.fr\/maison-des-sarrasins\/description\/#chambres\"  id='av-masonry-1-item-2871' data-av-masonry-item='2871' class='av-masonry-entry isotope-item post-2871 portfolio type-portfolio status-publish has-post-thumbnail hentry tag-landscape-en portfolio_entries-presentation-en  av-masonry-item-with-image av-landscape-img' title=\"Maison-2-800&#215;335\"   itemscope=\"itemscope\" itemtype=\"https:\/\/schema.org\/CreativeWork\" ><div class='av-inner-masonry-sizer'><\/div><figure class='av-inner-masonry main_color'><div class=\"av-masonry-outerimage-container\"><div class='av-masonry-image-container' style=\"background-image: url(https:\/\/dpms-media.fr\/maison-des-sarrasins\/wp-content\/uploads\/sites\/41\/2017\/03\/Maison-2-800x335-1-705x295.jpg);\"  title=\"Maison-2-800&#215;335\" ><\/div><\/div><\/figure><\/a><!--end av-masonry entry--><a href=\"https:\/\/dpms-media.fr\/maison-des-sarrasins\/description\/#jardin\"  id='av-masonry-1-item-2872' data-av-masonry-item='2872' class='av-masonry-entry isotope-item post-2872 portfolio type-portfolio status-publish has-post-thumbnail hentry tag-portrait-en portfolio_entries-presentation-en  av-masonry-item-with-image av-portrait-img' title=\"Piscine-2-470&#215;705\"   itemscope=\"itemscope\" itemtype=\"https:\/\/schema.org\/CreativeWork\" ><div class='av-inner-masonry-sizer'><\/div><figure class='av-inner-masonry main_color'><div class=\"av-masonry-outerimage-container\"><div class='av-masonry-image-container' style=\"background-image: url(https:\/\/dpms-media.fr\/maison-des-sarrasins\/wp-content\/uploads\/sites\/41\/2017\/03\/Piscine-2-470x705-1.jpg);\"  title=\"Piscine-2-470&#215;705\" ><\/div><\/div><\/figure><\/a><!--end av-masonry entry--><a href=\"https:\/\/dpms-media.fr\/maison-des-sarrasins\/description\/#chambres\"  id='av-masonry-1-item-2934' data-av-masonry-item='2934' class='av-masonry-entry isotope-item post-2934 portfolio type-portfolio status-publish has-post-thumbnail hentry portfolio_entries-presentation-en  av-masonry-item-with-image av-grid-img' title=\"D\u00e9pendances-3\"   itemscope=\"itemscope\" itemtype=\"https:\/\/schema.org\/CreativeWork\" ><div class='av-inner-masonry-sizer'><\/div><figure class='av-inner-masonry main_color'><div class=\"av-masonry-outerimage-container\"><div class='av-masonry-image-container' style=\"background-image: url(https:\/\/dpms-media.fr\/maison-des-sarrasins\/wp-content\/uploads\/sites\/41\/2021\/11\/Dependances-3.jpg);\"  title=\"D\u00e9pendances-3\" ><\/div><\/div><\/figure><\/a><!--end av-masonry entry--><\/div><\/div><\/div><\/div><\/div><\/div><!-- close content main div --><\/div><\/div><div id='av_section_3'  class='avia-section av-49yb5c-2276b7d3829c77d4e295e8e69b52752b main_color avia-section-small avia-no-border-styling  avia-builder-el-6  el_after_av_section  avia-builder-el-last  avia-bg-style-scroll container_wrap sidebar_right'  ><div class='container av-section-cont-open' ><div class='template-page content  av-content-small alpha units'><div class='post-entry post-entry-type-page post-entry-2844'><div class='entry-content-wrapper clearfix'>\n<div  class='flex_column av-35zhb4-5ffc8c1c38a7287011c90b3ce2d5a3b1 av_one_full  avia-builder-el-7  el_before_av_one_half  avia-builder-el-first  first flex_column_div  '     ><style type=\"text\/css\" data-created_by=\"avia_inline_auto\" id=\"style-css-av-kw95kpwh-0b84575d7eff4767e8133f9af1d8531e\">\n#top .av_textblock_section.av-kw95kpwh-0b84575d7eff4767e8133f9af1d8531e .avia_textblock{\nfont-size:22px;\ncolor:#69563c;\n}\n<\/style>\n<section  class='av_textblock_section av-kw95kpwh-0b84575d7eff4767e8133f9af1d8531e '   itemscope=\"itemscope\" itemtype=\"https:\/\/schema.org\/CreativeWork\" ><div class='avia_textblock av_inherit_color'  itemprop=\"text\" ><h2 style=\"text-align: center\">History<\/h2>\n<\/div><\/section><br \/>\n\n<style type=\"text\/css\" data-created_by=\"avia_inline_auto\" id=\"style-css-av-kw95lwt0-ca69a3fd7891ba274c13154e0a162738\">\n#top .hr.av-kw95lwt0-ca69a3fd7891ba274c13154e0a162738{\nmargin-top:10px;\nmargin-bottom:30px;\n}\n.hr.av-kw95lwt0-ca69a3fd7891ba274c13154e0a162738 .hr-inner{\nwidth:50px;\nborder-color:#000000;\nmax-width:45%;\n}\n.hr.av-kw95lwt0-ca69a3fd7891ba274c13154e0a162738 .av-seperator-icon{\ncolor:#69563c;\n}\n.hr.av-kw95lwt0-ca69a3fd7891ba274c13154e0a162738 .av-seperator-icon.avia-svg-icon svg:first-child{\nfill:#69563c;\nstroke:#69563c;\n}\n<\/style>\n<div  class='hr av-kw95lwt0-ca69a3fd7891ba274c13154e0a162738 hr-custom  avia-builder-el-9  el_after_av_textblock  avia-builder-el-last  hr-center hr-icon-yes'><span class='hr-inner inner-border-av-border-thin'><span class=\"hr-inner-style\"><\/span><\/span><span class='av-seperator-icon avia-iconfont avia-font-entypo-fontello' data-av_icon='\ue808' data-av_iconfont='entypo-fontello' ><\/span><span class='hr-inner inner-border-av-border-thin'><span class=\"hr-inner-style\"><\/span><\/span><\/div><\/p><\/div><div  class='flex_column av-ruwxs-2e3aa7169d0d3213aff559db49c92c92 av_one_half  avia-builder-el-10  el_after_av_one_full  el_before_av_one_half  first flex_column_div  column-top-margin'     ><style type=\"text\/css\" data-created_by=\"avia_inline_auto\" id=\"style-css-av-6hcods-9b65d00231472868c7d3048e4cfd1c3c\">\n.avia-image-container.av-6hcods-9b65d00231472868c7d3048e4cfd1c3c img.avia_image{\nbox-shadow:none;\n}\n.avia-image-container.av-6hcods-9b65d00231472868c7d3048e4cfd1c3c .av-image-caption-overlay-center{\ncolor:#ffffff;\n}\n<\/style>\n<div  class='avia-image-container av-6hcods-9b65d00231472868c7d3048e4cfd1c3c av-styling- avia-align-center  avia-builder-el-11  avia-builder-el-no-sibling '   itemprop=\"image\" itemscope=\"itemscope\" itemtype=\"https:\/\/schema.org\/ImageObject\" ><div class=\"avia-image-container-inner\"><div class=\"avia-image-overlay-wrap\"><img decoding=\"async\" fetchpriority=\"high\" class='wp-image-2757 avia-img-lazy-loading-not-2757 avia_image ' src=\"https:\/\/dpms-media.fr\/maison-des-sarrasins\/wp-content\/uploads\/sites\/41\/2021\/11\/Village-2-720x377-1.jpg\" alt='' title='Village-2-720x377'  height=\"377\" width=\"720\"  itemprop=\"thumbnailUrl\" srcset=\"https:\/\/dpms-media.fr\/maison-des-sarrasins\/wp-content\/uploads\/sites\/41\/2021\/11\/Village-2-720x377-1.jpg 720w, https:\/\/dpms-media.fr\/maison-des-sarrasins\/wp-content\/uploads\/sites\/41\/2021\/11\/Village-2-720x377-1-300x157.jpg 300w, https:\/\/dpms-media.fr\/maison-des-sarrasins\/wp-content\/uploads\/sites\/41\/2021\/11\/Village-2-720x377-1-705x369.jpg 705w\" sizes=\"(max-width: 720px) 100vw, 720px\" \/><\/div><\/div><\/div><\/div><div  class='flex_column av-4uwc7k-e1c900bdf9d1d87cc665c11c67cd9ebb av_one_half  avia-builder-el-12  el_after_av_one_half  el_before_av_hr  flex_column_div  column-top-margin'     ><section  class='av_textblock_section av-2oy9ow-be50cf5c3829605d95e4ab56849e50ba '   itemscope=\"itemscope\" itemtype=\"https:\/\/schema.org\/CreativeWork\" ><div class='avia_textblock'  itemprop=\"text\" ><p style=\"text-align: left\">The Sarrasins house takes its name from the land on which it was built, at the foot of the cliff of the <strong>Ch\u00e2teau de Beynac<\/strong>, whose oldest tower, now demolished, was called the Saracen tower. There is a large medieval cistern on the site, from which water was drawn from the top of the cliff, thirty-five meters above.<\/p>\n<p>The house was built in <strong>1607<\/strong>, under Henri IV, in the period of prosperity which followed the end of the wars of religion. It was enlarged in the middle of the 18th century, under Louis XV, when the <strong>terraced gardens were created<\/strong>. It underwent a <strong>meticulous restoration in the early 2000s<\/strong>, led by the owner of the castles of Castelnaud and Marqueyssac, nearby. Seen from afar, the house with ocher plaster, thirty meters long, seems to extend the cliff of Beynac. Its 80 centimeter thick <strong>stone walls keep it cool in summer<\/strong> and <strong>warm in winter.<\/strong><\/p>\n<\/div><\/section><\/div>\n<style type=\"text\/css\" data-created_by=\"avia_inline_auto\" id=\"style-css-av-kttw9i6o-a7a2bd514a94a8327377412eed944f97\">\n#top .hr.hr-invisible.av-kttw9i6o-a7a2bd514a94a8327377412eed944f97{\nheight:20px;\n}\n<\/style>\n<div  class='hr av-kttw9i6o-a7a2bd514a94a8327377412eed944f97 hr-invisible  avia-builder-el-14  el_after_av_one_half  avia-builder-el-last '><span class='hr-inner '><span class=\"hr-inner-style\"><\/span><\/span><\/div>\n<\/div><\/div><\/div><!-- close content main div --><\/div><\/div><div id='after_section_3'  class='main_color av_default_container_wrap container_wrap sidebar_right'  ><div class='container av-section-cont-open' ><div class='template-page content  av-content-small alpha units'><div class='post-entry post-entry-type-page post-entry-2844'><div class='entry-content-wrapper clearfix'><\/p>\n","protected":false},"excerpt":{"rendered":"","protected":false},"author":2,"featured_media":2708,"parent":0,"menu_order":0,"comment_status":"closed","ping_status":"closed","template":"","meta":{"footnotes":""},"class_list":["post-2844","page","type-page","status-publish","has-post-thumbnail","hentry"],"yoast_head":"<!-- This site is optimized with the Yoast SEO plugin v27.5 - https:\/\/yoast.com\/product\/yoast-seo-wordpress\/ -->\n<title>Home - G\u00eete Maison des Sarrasins - Le P\u00e9rigord noir<\/title>\n<meta name=\"robots\" content=\"index, follow, max-snippet:-1, max-image-preview:large, max-video-preview:-1\" \/>\n<link rel=\"canonical\" href=\"https:\/\/sarrasins.beynacrentals.com\/en\/\" \/>\n<meta property=\"og:locale\" content=\"en_US\" \/>\n<meta property=\"og:type\" content=\"article\" \/>\n<meta property=\"og:title\" content=\"Home - G\u00eete Maison des Sarrasins - Le P\u00e9rigord noir\" \/>\n<meta property=\"og:url\" content=\"https:\/\/sarrasins.beynacrentals.com\/en\/\" \/>\n<meta property=\"og:site_name\" content=\"G\u00eete Maison des Sarrasins - Le P\u00e9rigord noir\" \/>\n<meta property=\"article:modified_time\" content=\"2025-06-19T10:32:21+00:00\" \/>\n<meta property=\"og:image\" content=\"https:\/\/dpms-media.fr\/maison-des-sarrasins\/wp-content\/uploads\/sites\/41\/2021\/11\/Maison-2.jpg\" \/>\n\t<meta property=\"og:image:width\" content=\"600\" \/>\n\t<meta property=\"og:image:height\" content=\"470\" \/>\n\t<meta property=\"og:image:type\" content=\"image\/jpeg\" \/>\n<meta name=\"twitter:card\" content=\"summary_large_image\" \/>\n<meta name=\"twitter:label1\" content=\"Est. reading time\" \/>\n\t<meta name=\"twitter:data1\" content=\"2 minutes\" \/>\n<script type=\"application\/ld+json\" class=\"yoast-schema-graph\">{\"@context\":\"https:\\\/\\\/schema.org\",\"@graph\":[{\"@type\":\"WebPage\",\"@id\":\"https:\\\/\\\/sarrasins.beynacrentals.com\\\/en\\\/\",\"url\":\"https:\\\/\\\/sarrasins.beynacrentals.com\\\/en\\\/\",\"name\":\"Home - G\u00eete Maison des Sarrasins - Le P\u00e9rigord noir\",\"isPartOf\":{\"@id\":\"https:\\\/\\\/sarrasins.beynacrentals.com\\\/#website\"},\"primaryImageOfPage\":{\"@id\":\"https:\\\/\\\/sarrasins.beynacrentals.com\\\/en\\\/#primaryimage\"},\"image\":{\"@id\":\"https:\\\/\\\/sarrasins.beynacrentals.com\\\/en\\\/#primaryimage\"},\"thumbnailUrl\":\"https:\\\/\\\/dpms-media.fr\\\/maison-des-sarrasins\\\/wp-content\\\/uploads\\\/sites\\\/41\\\/2021\\\/11\\\/Maison-2.jpg\",\"datePublished\":\"2017-03-08T13:44:20+00:00\",\"dateModified\":\"2025-06-19T10:32:21+00:00\",\"breadcrumb\":{\"@id\":\"https:\\\/\\\/sarrasins.beynacrentals.com\\\/en\\\/#breadcrumb\"},\"inLanguage\":\"en-US\",\"potentialAction\":[{\"@type\":\"ReadAction\",\"target\":[\"https:\\\/\\\/sarrasins.beynacrentals.com\\\/en\\\/\"]}]},{\"@type\":\"ImageObject\",\"inLanguage\":\"en-US\",\"@id\":\"https:\\\/\\\/sarrasins.beynacrentals.com\\\/en\\\/#primaryimage\",\"url\":\"https:\\\/\\\/dpms-media.fr\\\/maison-des-sarrasins\\\/wp-content\\\/uploads\\\/sites\\\/41\\\/2021\\\/11\\\/Maison-2.jpg\",\"contentUrl\":\"https:\\\/\\\/dpms-media.fr\\\/maison-des-sarrasins\\\/wp-content\\\/uploads\\\/sites\\\/41\\\/2021\\\/11\\\/Maison-2.jpg\",\"width\":600,\"height\":470},{\"@type\":\"BreadcrumbList\",\"@id\":\"https:\\\/\\\/sarrasins.beynacrentals.com\\\/en\\\/#breadcrumb\",\"itemListElement\":[{\"@type\":\"ListItem\",\"position\":1,\"name\":\"Accueil\",\"item\":\"https:\\\/\\\/sarrasins.beynacrentals.com\\\/en\\\/\"},{\"@type\":\"ListItem\",\"position\":2,\"name\":\"Home\"}]},{\"@type\":\"WebSite\",\"@id\":\"https:\\\/\\\/sarrasins.beynacrentals.com\\\/#website\",\"url\":\"https:\\\/\\\/sarrasins.beynacrentals.com\\\/\",\"name\":\"G\u00eete Maison des Sarrasins - Le P\u00e9rigord noir\",\"description\":\"Maison des Sarrasins -g\u00eete de charme en Aquitaine - Beynac Rentals\",\"potentialAction\":[{\"@type\":\"SearchAction\",\"target\":{\"@type\":\"EntryPoint\",\"urlTemplate\":\"https:\\\/\\\/sarrasins.beynacrentals.com\\\/?s={search_term_string}\"},\"query-input\":{\"@type\":\"PropertyValueSpecification\",\"valueRequired\":true,\"valueName\":\"search_term_string\"}}],\"inLanguage\":\"en-US\"}]}<\/script>\n<!-- \/ Yoast SEO plugin. -->","yoast_head_json":{"title":"Home - G\u00eete Maison des Sarrasins - Le P\u00e9rigord noir","robots":{"index":"index","follow":"follow","max-snippet":"max-snippet:-1","max-image-preview":"max-image-preview:large","max-video-preview":"max-video-preview:-1"},"canonical":"https:\/\/sarrasins.beynacrentals.com\/en\/","og_locale":"en_US","og_type":"article","og_title":"Home - G\u00eete Maison des Sarrasins - Le P\u00e9rigord noir","og_url":"https:\/\/sarrasins.beynacrentals.com\/en\/","og_site_name":"G\u00eete Maison des Sarrasins - Le P\u00e9rigord noir","article_modified_time":"2025-06-19T10:32:21+00:00","og_image":[{"width":600,"height":470,"url":"https:\/\/dpms-media.fr\/maison-des-sarrasins\/wp-content\/uploads\/sites\/41\/2021\/11\/Maison-2.jpg","type":"image\/jpeg"}],"twitter_card":"summary_large_image","twitter_misc":{"Est. reading time":"2 minutes"},"schema":{"@context":"https:\/\/schema.org","@graph":[{"@type":"WebPage","@id":"https:\/\/sarrasins.beynacrentals.com\/en\/","url":"https:\/\/sarrasins.beynacrentals.com\/en\/","name":"Home - G\u00eete Maison des Sarrasins - Le P\u00e9rigord noir","isPartOf":{"@id":"https:\/\/sarrasins.beynacrentals.com\/#website"},"primaryImageOfPage":{"@id":"https:\/\/sarrasins.beynacrentals.com\/en\/#primaryimage"},"image":{"@id":"https:\/\/sarrasins.beynacrentals.com\/en\/#primaryimage"},"thumbnailUrl":"https:\/\/dpms-media.fr\/maison-des-sarrasins\/wp-content\/uploads\/sites\/41\/2021\/11\/Maison-2.jpg","datePublished":"2017-03-08T13:44:20+00:00","dateModified":"2025-06-19T10:32:21+00:00","breadcrumb":{"@id":"https:\/\/sarrasins.beynacrentals.com\/en\/#breadcrumb"},"inLanguage":"en-US","potentialAction":[{"@type":"ReadAction","target":["https:\/\/sarrasins.beynacrentals.com\/en\/"]}]},{"@type":"ImageObject","inLanguage":"en-US","@id":"https:\/\/sarrasins.beynacrentals.com\/en\/#primaryimage","url":"https:\/\/dpms-media.fr\/maison-des-sarrasins\/wp-content\/uploads\/sites\/41\/2021\/11\/Maison-2.jpg","contentUrl":"https:\/\/dpms-media.fr\/maison-des-sarrasins\/wp-content\/uploads\/sites\/41\/2021\/11\/Maison-2.jpg","width":600,"height":470},{"@type":"BreadcrumbList","@id":"https:\/\/sarrasins.beynacrentals.com\/en\/#breadcrumb","itemListElement":[{"@type":"ListItem","position":1,"name":"Accueil","item":"https:\/\/sarrasins.beynacrentals.com\/en\/"},{"@type":"ListItem","position":2,"name":"Home"}]},{"@type":"WebSite","@id":"https:\/\/sarrasins.beynacrentals.com\/#website","url":"https:\/\/sarrasins.beynacrentals.com\/","name":"G\u00eete Maison des Sarrasins - Le P\u00e9rigord noir","description":"Maison des Sarrasins -g\u00eete de charme en Aquitaine - Beynac Rentals","potentialAction":[{"@type":"SearchAction","target":{"@type":"EntryPoint","urlTemplate":"https:\/\/sarrasins.beynacrentals.com\/?s={search_term_string}"},"query-input":{"@type":"PropertyValueSpecification","valueRequired":true,"valueName":"search_term_string"}}],"inLanguage":"en-US"}]}},"_links":{"self":[{"href":"https:\/\/sarrasins.beynacrentals.com\/en\/wp-json\/wp\/v2\/pages\/2844","targetHints":{"allow":["GET"]}}],"collection":[{"href":"https:\/\/sarrasins.beynacrentals.com\/en\/wp-json\/wp\/v2\/pages"}],"about":[{"href":"https:\/\/sarrasins.beynacrentals.com\/en\/wp-json\/wp\/v2\/types\/page"}],"author":[{"embeddable":true,"href":"https:\/\/sarrasins.beynacrentals.com\/en\/wp-json\/wp\/v2\/users\/2"}],"replies":[{"embeddable":true,"href":"https:\/\/sarrasins.beynacrentals.com\/en\/wp-json\/wp\/v2\/comments?post=2844"}],"version-history":[{"count":15,"href":"https:\/\/sarrasins.beynacrentals.com\/en\/wp-json\/wp\/v2\/pages\/2844\/revisions"}],"predecessor-version":[{"id":3184,"href":"https:\/\/sarrasins.beynacrentals.com\/en\/wp-json\/wp\/v2\/pages\/2844\/revisions\/3184"}],"wp:featuredmedia":[{"embeddable":true,"href":"https:\/\/sarrasins.beynacrentals.com\/en\/wp-json\/wp\/v2\/media\/2708"}],"wp:attachment":[{"href":"https:\/\/sarrasins.beynacrentals.com\/en\/wp-json\/wp\/v2\/media?parent=2844"}],"curies":[{"name":"wp","href":"https:\/\/api.w.org\/{rel}","templated":true}]}}